{"id":3674,"date":"2025-02-24T10:17:51","date_gmt":"2025-02-24T17:17:51","guid":{"rendered":"https:\/\/dfc3stg.wpenginepowered.com\/proyectos-e-informes-comunitarios\/"},"modified":"2025-12-01T14:02:02","modified_gmt":"2025-12-01T21:02:02","slug":"proyectos-e-informes-comunitarios","status":"publish","type":"page","link":"https:\/\/denverfamilies.org\/es\/proyectos-e-informes-comunitarios\/","title":{"rendered":"Proyectos e informes comunitarios"},"content":{"rendered":"\t\t<div data-elementor-type=\"wp-page\" data-elementor-id=\"3674\" class=\"elementor elementor-3674 elementor-598\" data-elementor-post-type=\"page\">\n\t\t\t\t<div class=\"elementor-element elementor-element-9e228d0 e-con-full e-flex e-con e-parent\" data-id=\"9e228d0\" data-element_type=\"container\" data-e-type=\"container\" data-settings=\"{&quot;background_background&quot;:&quot;classic&quot;}\">\n\t\t<div class=\"elementor-element elementor-element-cc5dcfc e-flex e-con-boxed e-con e-child\" data-id=\"cc5dcfc\" data-element_type=\"container\" data-e-type=\"container\">\n\t\t\t\t\t<div class=\"e-con-inner\">\n\t\t\t\t<div class=\"elementor-element elementor-element-b42d83c elementor-widget elementor-widget-heading\" data-id=\"b42d83c\" data-element_type=\"widget\" data-e-type=\"widget\" data-widget_type=\"heading.default\">\n\t\t\t\t<div class=\"elementor-widget-container\">\n\t\t\t\t\t<h1 class=\"elementor-heading-title elementor-size-default\">Proyectos e informes comunitarios<\/h1>\t\t\t\t<\/div>\n\t\t\t\t<\/div>\n\t\t\t\t<div class=\"elementor-element elementor-element-7c2e180 elementor-widget elementor-widget-text-editor\" data-id=\"7c2e180\" data-element_type=\"widget\" data-e-type=\"widget\" data-widget_type=\"text-editor.default\">\n\t\t\t\t<div class=\"elementor-widget-container\">\n\t\t\t\t\t\t\t\t\tExplore el impactante trabajo que se est\u00e1 llevando a cabo en todo Denver para apoyar a los estudiantes, las familias y las escuelas p\u00fablicas. Desde herramientas que ayudan a las familias a tomar decisiones informadas sobre la escuela hasta movimientos dirigidos por estudiantes que est\u00e1n remodelando la educaci\u00f3n, estos proyectos impulsados por la comunidad reflejan las voces, los valores y las visiones de las diversas comunidades de Denver. Descubra datos escolares, iniciativas visionarias e historias inspiradoras, junto con investigaciones e informes que est\u00e1n dando forma al futuro de la educaci\u00f3n p\u00fablica en nuestra ciudad.  \t\t\t\t\t\t\t\t<\/div>\n\t\t\t\t<\/div>\n\t\t\t\t\t<\/div>\n\t\t\t\t<\/div>\n\t\t\t\t<div class=\"elementor-element elementor-element-1107dc3 elementor-widget elementor-widget-image\" data-id=\"1107dc3\" data-element_type=\"widget\" data-e-type=\"widget\" data-widget_type=\"image.default\">\n\t\t\t\t<div class=\"elementor-widget-container\">\n\t\t\t\t\t\t\t\t\t\t\t\t\t\t\t<img fetchpriority=\"high\" decoding=\"async\" width=\"1383\" height=\"105\" src=\"https:\/\/denverfamilies.org\/wp-content\/uploads\/2025\/02\/arc-img1a.png\" class=\"attachment-full size-full wp-image-3451\" alt=\"\" srcset=\"https:\/\/denverfamilies.org\/wp-content\/uploads\/2025\/02\/arc-img1a.png 1383w, https:\/\/denverfamilies.org\/wp-content\/uploads\/2025\/02\/arc-img1a-300x23.png 300w, https:\/\/denverfamilies.org\/wp-content\/uploads\/2025\/02\/arc-img1a-1024x78.png 1024w, https:\/\/denverfamilies.org\/wp-content\/uploads\/2025\/02\/arc-img1a-768x58.png 768w\" sizes=\"(max-width: 1383px) 100vw, 1383px\" \/>\t\t\t\t\t\t\t\t\t\t\t\t\t\t\t<\/div>\n\t\t\t\t<\/div>\n\t\t\t\t<\/div>\n\t\t<div class=\"elementor-element elementor-element-2aba626 e-flex e-con-boxed e-con e-parent\" data-id=\"2aba626\" data-element_type=\"container\" data-e-type=\"container\" data-settings=\"{&quot;background_background&quot;:&quot;classic&quot;}\">\n\t\t\t\t\t<div class=\"e-con-inner\">\n\t\t<div class=\"elementor-element elementor-element-a8accaf mobile-bg-hide e-con-full e-flex e-con e-child\" data-id=\"a8accaf\" data-element_type=\"container\" data-e-type=\"container\">\n\t\t<div class=\"elementor-element elementor-element-b9b5aa3 e-con-full e-flex e-con e-child\" data-id=\"b9b5aa3\" data-element_type=\"container\" data-e-type=\"container\">\n\t\t\t\t<div class=\"elementor-element elementor-element-10ed360 elementor-widget elementor-widget-heading\" data-id=\"10ed360\" data-element_type=\"widget\" data-e-type=\"widget\" data-widget_type=\"heading.default\">\n\t\t\t\t<div class=\"elementor-widget-container\">\n\t\t\t\t\t<h3 class=\"elementor-heading-title elementor-size-default\">Proyectos comunitarios<\/h3>\t\t\t\t<\/div>\n\t\t\t\t<\/div>\n\t\t\t\t<div class=\"elementor-element elementor-element-bfbd042 elementor-hidden-mobile_extra elementor-hidden-mobile elementor-widget elementor-widget-spacer\" data-id=\"bfbd042\" data-element_type=\"widget\" data-e-type=\"widget\" data-widget_type=\"spacer.default\">\n\t\t\t\t<div class=\"elementor-widget-container\">\n\t\t\t\t\t\t\t<div class=\"elementor-spacer\">\n\t\t\t<div class=\"elementor-spacer-inner\"><\/div>\n\t\t<\/div>\n\t\t\t\t\t\t<\/div>\n\t\t\t\t<\/div>\n\t\t<div class=\"elementor-element elementor-element-0bc1e54 e-grid listening-list e-con-full e-con e-child\" data-id=\"0bc1e54\" data-element_type=\"container\" data-e-type=\"container\">\n\t\t<div class=\"elementor-element elementor-element-7002025 e-con-full listening-list-box e-flex e-con e-child\" data-id=\"7002025\" data-element_type=\"container\" data-e-type=\"container\" data-settings=\"{&quot;background_background&quot;:&quot;classic&quot;}\">\n\t\t\t\t<div class=\"elementor-element elementor-element-3622709 elementor-widget elementor-widget-heading\" data-id=\"3622709\" data-element_type=\"widget\" data-e-type=\"widget\" data-widget_type=\"heading.default\">\n\t\t\t\t<div class=\"elementor-widget-container\">\n\t\t\t\t\t<h4 class=\"elementor-heading-title elementor-size-default\">Gu\u00eda de escuelas de Mile High<\/h4>\t\t\t\t<\/div>\n\t\t\t\t<\/div>\n\t\t\t\t<div class=\"elementor-element elementor-element-6bbc9a4 elementor-widget elementor-widget-text-editor\" data-id=\"6bbc9a4\" data-element_type=\"widget\" data-e-type=\"widget\" data-widget_type=\"text-editor.default\">\n\t\t\t\t<div class=\"elementor-widget-container\">\n\t\t\t\t\t\t\t\t\tVea informaci\u00f3n espec\u00edfica de las escuelas de Denver, que proporciona a las familias y a los cuidadores una imagen completa de lo que las escuelas tienen para ofrecer.\t\t\t\t\t\t\t\t<\/div>\n\t\t\t\t<\/div>\n\t\t\t\t<div class=\"elementor-element elementor-element-a96bdba arrow-heading-btn1 elementor-widget elementor-widget-heading\" data-id=\"a96bdba\" data-element_type=\"widget\" data-e-type=\"widget\" data-widget_type=\"heading.default\">\n\t\t\t\t<div class=\"elementor-widget-container\">\n\t\t\t\t\t<h2 class=\"elementor-heading-title elementor-size-default\"><a href=\"https:\/\/guide.denveredexplorer.org\/\" target=\"_blank\">APRENDER M\u00c1S <img decoding=\"async\" src=\"\/wp-content\/uploads\/2025\/02\/dark-right-arrow.svg\" width=\"16\"><\/a><\/h2>\t\t\t\t<\/div>\n\t\t\t\t<\/div>\n\t\t\t\t<\/div>\n\t\t<div class=\"elementor-element elementor-element-e5f14e0 e-con-full listening-list-box e-flex e-con e-child\" data-id=\"e5f14e0\" data-element_type=\"container\" data-e-type=\"container\" data-settings=\"{&quot;background_background&quot;:&quot;classic&quot;}\">\n\t\t\t\t<div class=\"elementor-element elementor-element-b78b1ff elementor-widget elementor-widget-heading\" data-id=\"b78b1ff\" data-element_type=\"widget\" data-e-type=\"widget\" data-widget_type=\"heading.default\">\n\t\t\t\t<div class=\"elementor-widget-container\">\n\t\t\t\t\t<h4 class=\"elementor-heading-title elementor-size-default\">Informaci\u00f3n sobre las escuelas de Denver<\/h4>\t\t\t\t<\/div>\n\t\t\t\t<\/div>\n\t\t\t\t<div class=\"elementor-element elementor-element-a3d76a6 elementor-widget elementor-widget-text-editor\" data-id=\"a3d76a6\" data-element_type=\"widget\" data-e-type=\"widget\" data-widget_type=\"text-editor.default\">\n\t\t\t\t<div class=\"elementor-widget-container\">\n\t\t\t\t\t\t\t\t\tVea datos e informaci\u00f3n sobre las Escuelas P\u00fablicas de Denver a nivel de toda la ciudad o regional.\t\t\t\t\t\t\t\t<\/div>\n\t\t\t\t<\/div>\n\t\t\t\t<div class=\"elementor-element elementor-element-d5ed5f8 arrow-heading-btn1 elementor-widget elementor-widget-heading\" data-id=\"d5ed5f8\" data-element_type=\"widget\" data-e-type=\"widget\" data-widget_type=\"heading.default\">\n\t\t\t\t<div class=\"elementor-widget-container\">\n\t\t\t\t\t<h2 class=\"elementor-heading-title elementor-size-default\"><a href=\"https:\/\/denveredexplorer.org\/denver-school-insights\/\" target=\"_blank\">APRENDER M\u00c1S <img decoding=\"async\" src=\"\/wp-content\/uploads\/2025\/02\/dark-right-arrow.svg\" width=\"16\"><\/a><\/h2>\t\t\t\t<\/div>\n\t\t\t\t<\/div>\n\t\t\t\t<\/div>\n\t\t<div class=\"elementor-element elementor-element-debc6f5 e-con-full listening-list-box e-flex e-con e-child\" data-id=\"debc6f5\" data-element_type=\"container\" data-e-type=\"container\" data-settings=\"{&quot;background_background&quot;:&quot;classic&quot;}\">\n\t\t\t\t<div class=\"elementor-element elementor-element-378c2a7 elementor-widget elementor-widget-heading\" data-id=\"378c2a7\" data-element_type=\"widget\" data-e-type=\"widget\" data-widget_type=\"heading.default\">\n\t\t\t\t<div class=\"elementor-widget-container\">\n\t\t\t\t\t<h4 class=\"elementor-heading-title elementor-size-default\">Proyecto de visi\u00f3n de la educaci\u00f3n de Denver<\/h4>\t\t\t\t<\/div>\n\t\t\t\t<\/div>\n\t\t\t\t<div class=\"elementor-element elementor-element-c75d000 elementor-widget elementor-widget-text-editor\" data-id=\"c75d000\" data-element_type=\"widget\" data-e-type=\"widget\" data-widget_type=\"text-editor.default\">\n\t\t\t\t<div class=\"elementor-widget-container\">\n\t\t\t\t\t\t\t\t\tUn grupo de familias, estudiantes y miembros de la comunidad que se unen para dar forma a una visi\u00f3n compartida y transformadora para el futuro de la educaci\u00f3n en Denver.\t\t\t\t\t\t\t\t<\/div>\n\t\t\t\t<\/div>\n\t\t\t\t<div class=\"elementor-element elementor-element-75a83bd arrow-heading-btn1 elementor-widget elementor-widget-heading\" data-id=\"75a83bd\" data-element_type=\"widget\" data-e-type=\"widget\" data-widget_type=\"heading.default\">\n\t\t\t\t<div class=\"elementor-widget-container\">\n\t\t\t\t\t<h2 class=\"elementor-heading-title elementor-size-default\"><a href=\"https:\/\/denveredvision.org\/\" target=\"_blank\">APRENDER M\u00c1S <img decoding=\"async\" src=\"\/wp-content\/uploads\/2025\/02\/dark-right-arrow.svg\" width=\"16\"><\/a><\/h2>\t\t\t\t<\/div>\n\t\t\t\t<\/div>\n\t\t\t\t<\/div>\n\t\t<div class=\"elementor-element elementor-element-3432998 e-con-full listening-list-box e-flex e-con e-child\" data-id=\"3432998\" data-element_type=\"container\" data-e-type=\"container\" data-settings=\"{&quot;background_background&quot;:&quot;classic&quot;}\">\n\t\t\t\t<div class=\"elementor-element elementor-element-8026c26 elementor-widget elementor-widget-heading\" data-id=\"8026c26\" data-element_type=\"widget\" data-e-type=\"widget\" data-widget_type=\"heading.default\">\n\t\t\t\t<div class=\"elementor-widget-container\">\n\t\t\t\t\t<h4 class=\"elementor-heading-title elementor-size-default\">Escuelas charter de Denver<\/h4>\t\t\t\t<\/div>\n\t\t\t\t<\/div>\n\t\t\t\t<div class=\"elementor-element elementor-element-bf28901 elementor-widget elementor-widget-text-editor\" data-id=\"bf28901\" data-element_type=\"widget\" data-e-type=\"widget\" data-widget_type=\"text-editor.default\">\n\t\t\t\t<div class=\"elementor-widget-container\">\n\t\t\t\t\t\t\t\t\tLas escuelas charter p\u00fablicas y gratuitas de Denver ofrecen a las familias entornos de aprendizaje flexibles y de alta calidad. Aprenda los conceptos b\u00e1sicos de las escuelas charter p\u00fablicas. \t\t\t\t\t\t\t\t<\/div>\n\t\t\t\t<\/div>\n\t\t\t\t<div class=\"elementor-element elementor-element-7a1967b arrow-heading-btn1 elementor-widget elementor-widget-heading\" data-id=\"7a1967b\" data-element_type=\"widget\" data-e-type=\"widget\" data-widget_type=\"heading.default\">\n\t\t\t\t<div class=\"elementor-widget-container\">\n\t\t\t\t\t<h2 class=\"elementor-heading-title elementor-size-default\"><a href=\"https:\/\/denvercharters.org\/\" target=\"_blank\">APRENDER M\u00c1S <img decoding=\"async\" src=\"\/wp-content\/uploads\/2025\/02\/dark-right-arrow.svg\" width=\"16\"><\/a><\/h2>\t\t\t\t<\/div>\n\t\t\t\t<\/div>\n\t\t\t\t<\/div>\n\t\t<div class=\"elementor-element elementor-element-c7eaf53 e-con-full listening-list-box e-flex e-con e-child\" data-id=\"c7eaf53\" data-element_type=\"container\" data-e-type=\"container\" data-settings=\"{&quot;background_background&quot;:&quot;classic&quot;}\">\n\t\t\t\t<div class=\"elementor-element elementor-element-b90eff4 elementor-widget elementor-widget-heading\" data-id=\"b90eff4\" data-element_type=\"widget\" data-e-type=\"widget\" data-widget_type=\"heading.default\">\n\t\t\t\t<div class=\"elementor-widget-container\">\n\t\t\t\t\t<h4 class=\"elementor-heading-title elementor-size-default\">El poder de nuestras voces<\/h4>\t\t\t\t<\/div>\n\t\t\t\t<\/div>\n\t\t\t\t<div class=\"elementor-element elementor-element-828caa1 elementor-widget elementor-widget-text-editor\" data-id=\"828caa1\" data-element_type=\"widget\" data-e-type=\"widget\" data-widget_type=\"text-editor.default\">\n\t\t\t\t<div class=\"elementor-widget-container\">\n\t\t\t\t\t\t\t\t\tEsta poderosa pel\u00edcula cuenta la verdadera historia de cuatro estudiantes del Dr. Martin Luther King, Jr. Early College cuyo revelador viaje al Museo de Historia y Cultura Afroamericana desat\u00f3 un movimiento, transformando el plan de estudios de historia de Denver a trav\u00e9s del activismo, el podcasting y el cambio de pol\u00edticas. \t\t\t\t\t\t\t\t<\/div>\n\t\t\t\t<\/div>\n\t\t\t\t<div class=\"elementor-element elementor-element-04fa51f arrow-heading-btn1 elementor-widget elementor-widget-heading\" data-id=\"04fa51f\" data-element_type=\"widget\" data-e-type=\"widget\" data-widget_type=\"heading.default\">\n\t\t\t\t<div class=\"elementor-widget-container\">\n\t\t\t\t\t<h2 class=\"elementor-heading-title elementor-size-default\"><a href=\"https:\/\/denverfamilies.org\/es\/el-poder-de-nuestras-voces\/\" target=\"_blank\">APRENDER M\u00c1S <img decoding=\"async\" src=\"\/wp-content\/uploads\/2025\/02\/dark-right-arrow.svg\" width=\"16\"><\/a><\/h2>\t\t\t\t<\/div>\n\t\t\t\t<\/div>\n\t\t\t\t<\/div>\n\t\t\t\t<\/div>\n\t\t\t\t<\/div>\n\t\t\t\t<\/div>\n\t\t\t\t\t<\/div>\n\t\t\t\t<\/div>\n\t\t<div class=\"elementor-element elementor-element-2b65bb9 mobile-bg-hide e-flex e-con-boxed e-con e-parent\" data-id=\"2b65bb9\" data-element_type=\"container\" data-e-type=\"container\" data-settings=\"{&quot;background_background&quot;:&quot;classic&quot;}\">\n\t\t\t\t\t<div class=\"e-con-inner\">\n\t\t<div class=\"elementor-element elementor-element-9b2b75b e-con-full e-flex e-con e-child\" data-id=\"9b2b75b\" data-element_type=\"container\" data-e-type=\"container\">\n\t\t\t\t<div class=\"elementor-element elementor-element-64cda3a elementor-widget elementor-widget-heading\" data-id=\"64cda3a\" data-element_type=\"widget\" data-e-type=\"widget\" data-widget_type=\"heading.default\">\n\t\t\t\t<div class=\"elementor-widget-container\">\n\t\t\t\t\t<h3 class=\"elementor-heading-title elementor-size-default\">Informes<\/h3>\t\t\t\t<\/div>\n\t\t\t\t<\/div>\n\t\t\t\t<div class=\"elementor-element elementor-element-1ff541c elementor-widget elementor-widget-spacer\" data-id=\"1ff541c\" data-element_type=\"widget\" data-e-type=\"widget\" data-widget_type=\"spacer.default\">\n\t\t\t\t<div class=\"elementor-widget-container\">\n\t\t\t\t\t\t\t<div class=\"elementor-spacer\">\n\t\t\t<div class=\"elementor-spacer-inner\"><\/div>\n\t\t<\/div>\n\t\t\t\t\t\t<\/div>\n\t\t\t\t<\/div>\n\t\t<div class=\"elementor-element elementor-element-17a696d e-grid listening-list e-con-full e-con e-child\" data-id=\"17a696d\" data-element_type=\"container\" data-e-type=\"container\">\n\t\t<div class=\"elementor-element elementor-element-951b7b3 e-con-full listening-list-box e-flex e-con e-child\" data-id=\"951b7b3\" data-element_type=\"container\" data-e-type=\"container\" data-settings=\"{&quot;background_background&quot;:&quot;classic&quot;}\">\n\t\t\t\t<div class=\"elementor-element elementor-element-7a1c7f3 elementor-widget elementor-widget-heading\" data-id=\"7a1c7f3\" data-element_type=\"widget\" data-e-type=\"widget\" data-widget_type=\"heading.default\">\n\t\t\t\t<div class=\"elementor-widget-container\">\n\t\t\t\t\t<h4 class=\"elementor-heading-title elementor-size-default\">Revista de educaci\u00f3n y comunidad de Denver (2020)<\/h4>\t\t\t\t<\/div>\n\t\t\t\t<\/div>\n\t\t\t\t<div class=\"elementor-element elementor-element-c926ccb elementor-widget elementor-widget-text-editor\" data-id=\"c926ccb\" data-element_type=\"widget\" data-e-type=\"widget\" data-widget_type=\"text-editor.default\">\n\t\t\t\t<div class=\"elementor-widget-container\">\n\t\t\t\t\t\t\t\t\tCaptura perspectivas aut\u00e9nticas de las familias de Denver sobre la informaci\u00f3n que valoran al tomar decisiones escolares, recopilada a trav\u00e9s de di\u00e1logos dirigidos por la comunidad en toda la ciudad.\t\t\t\t\t\t\t\t<\/div>\n\t\t\t\t<\/div>\n\t\t\t\t<div class=\"elementor-element elementor-element-398e4d7 arrow-heading-btn1 elementor-widget elementor-widget-heading\" data-id=\"398e4d7\" data-element_type=\"widget\" data-e-type=\"widget\" data-widget_type=\"heading.default\">\n\t\t\t\t<div class=\"elementor-widget-container\">\n\t\t\t\t\t<h2 class=\"elementor-heading-title elementor-size-default\"><a href=\"https:\/\/denverfamilies.org\/denver-journal-of-education-community-engagement-report-family-decision-making\/\">LEER INFORME <img decoding=\"async\" src=\"\/wp-content\/uploads\/2025\/02\/right-arrow-lb1.svg\" width=\"16\"><\/a><\/h2>\t\t\t\t<\/div>\n\t\t\t\t<\/div>\n\t\t\t\t<\/div>\n\t\t<div class=\"elementor-element elementor-element-5e6e958 e-con-full listening-list-box e-flex e-con e-child\" data-id=\"5e6e958\" data-element_type=\"container\" data-e-type=\"container\" data-settings=\"{&quot;background_background&quot;:&quot;classic&quot;}\">\n\t\t\t\t<div class=\"elementor-element elementor-element-3e05692 elementor-widget elementor-widget-heading\" data-id=\"3e05692\" data-element_type=\"widget\" data-e-type=\"widget\" data-widget_type=\"heading.default\">\n\t\t\t\t<div class=\"elementor-widget-container\">\n\t\t\t\t\t<h4 class=\"elementor-heading-title elementor-size-default\">Colectivo PEACE (2021)<\/h4>\t\t\t\t<\/div>\n\t\t\t\t<\/div>\n\t\t\t\t<div class=\"elementor-element elementor-element-fc9bab7 elementor-widget elementor-widget-text-editor\" data-id=\"fc9bab7\" data-element_type=\"widget\" data-e-type=\"widget\" data-widget_type=\"text-editor.default\">\n\t\t\t\t<div class=\"elementor-widget-container\">\n\t\t\t\t\t\t\t\t\t<p>Captura perspectivas aut\u00e9nticas de las familias de Denver sobre la informaci\u00f3n que valoran al tomar decisiones escolares, recopilada a trav\u00e9s de di\u00e1logos dirigidos por la comunidad en toda la ciudad.<\/p>\t\t\t\t\t\t\t\t<\/div>\n\t\t\t\t<\/div>\n\t\t\t\t<div class=\"elementor-element elementor-element-9f67924 arrow-heading-btn1 elementor-widget elementor-widget-heading\" data-id=\"9f67924\" data-element_type=\"widget\" data-e-type=\"widget\" data-widget_type=\"heading.default\">\n\t\t\t\t<div class=\"elementor-widget-container\">\n\t\t\t\t\t<h2 class=\"elementor-heading-title elementor-size-default\"><a href=\"https:\/\/denverfamilies.org\/equityreport\/\">LEER INFORME <img decoding=\"async\" src=\"\/wp-content\/uploads\/2025\/02\/right-arrow-lb1.svg\" width=\"16\"><\/a><\/h2>\t\t\t\t<\/div>\n\t\t\t\t<\/div>\n\t\t\t\t<\/div>\n\t\t<div class=\"elementor-element elementor-element-5b1880d e-con-full listening-list-box e-flex e-con e-child\" data-id=\"5b1880d\" data-element_type=\"container\" data-e-type=\"container\" data-settings=\"{&quot;background_background&quot;:&quot;classic&quot;}\">\n\t\t\t\t<div class=\"elementor-element elementor-element-d35eb50 elementor-widget elementor-widget-heading\" data-id=\"d35eb50\" data-element_type=\"widget\" data-e-type=\"widget\" data-widget_type=\"heading.default\">\n\t\t\t\t<div class=\"elementor-widget-container\">\n\t\t\t\t\t<h4 class=\"elementor-heading-title elementor-size-default\">Consultor\u00eda Eschbacher (2021)<\/h4>\t\t\t\t<\/div>\n\t\t\t\t<\/div>\n\t\t\t\t<div class=\"elementor-element elementor-element-bfafc3b elementor-widget elementor-widget-text-editor\" data-id=\"bfafc3b\" data-element_type=\"widget\" data-e-type=\"widget\" data-widget_type=\"text-editor.default\">\n\t\t\t\t<div class=\"elementor-widget-container\">\n\t\t\t\t\t\t\t\t\t<p>Analiza las causas fundamentales de la disminuci\u00f3n de la inscripci\u00f3n escolar en Denver, impulsada en gran medida por las tendencias demogr\u00e1ficas y de vivienda, y describe la necesidad urgente de respuestas estrat\u00e9gicas e informadas por la comunidad para garantizar una educaci\u00f3n sostenible y de alta calidad.<\/p>\t\t\t\t\t\t\t\t<\/div>\n\t\t\t\t<\/div>\n\t\t\t\t<div class=\"elementor-element elementor-element-481b55a arrow-heading-btn1 elementor-widget elementor-widget-heading\" data-id=\"481b55a\" data-element_type=\"widget\" data-e-type=\"widget\" data-widget_type=\"heading.default\">\n\t\t\t\t<div class=\"elementor-widget-container\">\n\t\t\t\t\t<h2 class=\"elementor-heading-title elementor-size-default\"><a href=\"https:\/\/denverfamilies.org\/declining-enrollment-in-denver\/\">LEER INFORME <img decoding=\"async\" src=\"\/wp-content\/uploads\/2025\/02\/right-arrow-lb1.svg\" width=\"16\"><\/a><\/h2>\t\t\t\t<\/div>\n\t\t\t\t<\/div>\n\t\t\t\t<\/div>\n\t\t<div class=\"elementor-element elementor-element-1e886ab e-con-full listening-list-box e-flex e-con e-child\" data-id=\"1e886ab\" data-element_type=\"container\" data-e-type=\"container\" data-settings=\"{&quot;background_background&quot;:&quot;classic&quot;}\">\n\t\t\t\t<div class=\"elementor-element elementor-element-fbc3227 elementor-widget elementor-widget-heading\" data-id=\"fbc3227\" data-element_type=\"widget\" data-e-type=\"widget\" data-widget_type=\"heading.default\">\n\t\t\t\t<div class=\"elementor-widget-container\">\n\t\t\t\t\t<h4 class=\"elementor-heading-title elementor-size-default\">Impacto comunitario de Denver Metro (2021)<\/h4>\t\t\t\t<\/div>\n\t\t\t\t<\/div>\n\t\t\t\t<div class=\"elementor-element elementor-element-252ee3a elementor-widget elementor-widget-text-editor\" data-id=\"252ee3a\" data-element_type=\"widget\" data-e-type=\"widget\" data-widget_type=\"text-editor.default\">\n\t\t\t\t<div class=\"elementor-widget-container\">\n\t\t\t\t\t\t\t\t\tImpulsada por a\u00f1os de defensa de la comunidad, la iniciativa Reimagine Montbello marca el regreso de una escuela secundaria integral al campus de Montbello, dise\u00f1ada con y para la comunidad para reflejar su visi\u00f3n, valores y futuro.\t\t\t\t\t\t\t\t<\/div>\n\t\t\t\t<\/div>\n\t\t\t\t<div class=\"elementor-element elementor-element-3a51ca2 arrow-heading-btn1 elementor-widget elementor-widget-heading\" data-id=\"3a51ca2\" data-element_type=\"widget\" data-e-type=\"widget\" data-widget_type=\"heading.default\">\n\t\t\t\t<div class=\"elementor-widget-container\">\n\t\t\t\t\t<h2 class=\"elementor-heading-title elementor-size-default\"><a href=\"https:\/\/dmcimpact.org\/our-impact\/community-voice-report-reimagining-montbello\" target=\"_blank\">LEER INFORME <img decoding=\"async\" src=\"\/wp-content\/uploads\/2025\/02\/right-arrow-lb1.svg\" width=\"16\"><\/a><\/h2>\t\t\t\t<\/div>\n\t\t\t\t<\/div>\n\t\t\t\t<\/div>\n\t\t<div class=\"elementor-element elementor-element-90e7ad5 e-con-full listening-list-box e-flex e-con e-child\" data-id=\"90e7ad5\" data-element_type=\"container\" data-e-type=\"container\" data-settings=\"{&quot;background_background&quot;:&quot;classic&quot;}\">\n\t\t\t\t<div class=\"elementor-element elementor-element-bd2cdc9 elementor-widget elementor-widget-heading\" data-id=\"bd2cdc9\" data-element_type=\"widget\" data-e-type=\"widget\" data-widget_type=\"heading.default\">\n\t\t\t\t<div class=\"elementor-widget-container\">\n\t\t\t\t\t<h4 class=\"elementor-heading-title elementor-size-default\">Universidad de Colorado (2022)<\/h4>\t\t\t\t<\/div>\n\t\t\t\t<\/div>\n\t\t\t\t<div class=\"elementor-element elementor-element-5729f32 elementor-widget elementor-widget-text-editor\" data-id=\"5729f32\" data-element_type=\"widget\" data-e-type=\"widget\" data-widget_type=\"text-editor.default\">\n\t\t\t\t<div class=\"elementor-widget-container\">\n\t\t\t\t\t\t\t\t\tEl estudio de CU Denver examina si la audaz estrategia de reforma de las Escuelas P\u00fablicas de Denver de 2008 a 2019, centrada en la elecci\u00f3n de escuela, la autonom\u00eda y la rendici\u00f3n de cuentas, condujo a mejores resultados estudiantiles a escala.\t\t\t\t\t\t\t\t<\/div>\n\t\t\t\t<\/div>\n\t\t\t\t<div class=\"elementor-element elementor-element-65bb27c arrow-heading-btn1 elementor-widget elementor-widget-heading\" data-id=\"65bb27c\" data-element_type=\"widget\" data-e-type=\"widget\" data-widget_type=\"heading.default\">\n\t\t\t\t<div class=\"elementor-widget-container\">\n\t\t\t\t\t<h2 class=\"elementor-heading-title elementor-size-default\"><a href=\"https:\/\/publicaffairs.ucdenver.edu\/research-and-impact\/research-centers\/center-for-education-policy-analysis\" target=\"_blank\">LEER INFORME <img decoding=\"async\" src=\"\/wp-content\/uploads\/2025\/02\/right-arrow-lb1.svg\" width=\"16\"><\/a><\/h2>\t\t\t\t<\/div>\n\t\t\t\t<\/div>\n\t\t\t\t<\/div>\n\t\t<div class=\"elementor-element elementor-element-98a598e e-con-full listening-list-box e-flex e-con e-child\" data-id=\"98a598e\" data-element_type=\"container\" data-e-type=\"container\" data-settings=\"{&quot;background_background&quot;:&quot;classic&quot;}\">\n\t\t\t\t<div class=\"elementor-element elementor-element-dbd4379 elementor-widget elementor-widget-heading\" data-id=\"dbd4379\" data-element_type=\"widget\" data-e-type=\"widget\" data-widget_type=\"heading.default\">\n\t\t\t\t<div class=\"elementor-widget-container\">\n\t\t\t\t\t<h4 class=\"elementor-heading-title elementor-size-default\">Universidad de Colorado (2024)<\/h4>\t\t\t\t<\/div>\n\t\t\t\t<\/div>\n\t\t\t\t<div class=\"elementor-element elementor-element-db27a37 elementor-widget elementor-widget-text-editor\" data-id=\"db27a37\" data-element_type=\"widget\" data-e-type=\"widget\" data-widget_type=\"text-editor.default\">\n\t\t\t\t<div class=\"elementor-widget-container\">\n\t\t\t\t\t\t\t\t\tEl estudio de CU Denver examina si la audaz estrategia de reforma de las Escuelas P\u00fablicas de Denver de 2008 a 2019, centrada en la elecci\u00f3n de escuela, la autonom\u00eda y la rendici\u00f3n de cuentas, condujo a mejores resultados estudiantiles a escala.\t\t\t\t\t\t\t\t<\/div>\n\t\t\t\t<\/div>\n\t\t\t\t<div class=\"elementor-element elementor-element-882b844 arrow-heading-btn1 elementor-widget elementor-widget-heading\" data-id=\"882b844\" data-element_type=\"widget\" data-e-type=\"widget\" data-widget_type=\"heading.default\">\n\t\t\t\t<div class=\"elementor-widget-container\">\n\t\t\t\t\t<h2 class=\"elementor-heading-title elementor-size-default\"><a href=\"https:\/\/publicaffairs.ucdenver.edu\/docs\/librariesprovider36\/default-document-library\/denver_systemwide_and_intervention-effects-technical-report-september-2024.pdf?sfvrsn=f4236bb4_1\" target=\"_blank\">LEER INFORME <img decoding=\"async\" src=\"\/wp-content\/uploads\/2025\/02\/right-arrow-lb1.svg\" width=\"16\"><\/a><\/h2>\t\t\t\t<\/div>\n\t\t\t\t<\/div>\n\t\t\t\t<\/div>\n\t\t\t\t<\/div>\n\t\t\t\t<div class=\"elementor-element elementor-element-d0846db elementor-widget elementor-widget-spacer\" data-id=\"d0846db\" data-element_type=\"widget\" data-e-type=\"widget\" data-widget_type=\"spacer.default\">\n\t\t\t\t<div class=\"elementor-widget-container\">\n\t\t\t\t\t\t\t<div class=\"elementor-spacer\">\n\t\t\t<div class=\"elementor-spacer-inner\"><\/div>\n\t\t<\/div>\n\t\t\t\t\t\t<\/div>\n\t\t\t\t<\/div>\n\t\t\t\t<\/div>\n\t\t\t\t\t<\/div>\n\t\t\t\t<\/div>\n\t\t<div class=\"elementor-element elementor-element-f6242a9 e-flex e-con-boxed e-con e-parent\" data-id=\"f6242a9\" data-element_type=\"container\" data-e-type=\"container\" data-settings=\"{&quot;background_background&quot;:&quot;classic&quot;}\">\n\t\t\t\t\t<div class=\"e-con-inner\">\n\t\t\t\t<div class=\"elementor-element elementor-element-1a55eac elementor-widget elementor-widget-heading\" data-id=\"1a55eac\" data-element_type=\"widget\" data-e-type=\"widget\" data-widget_type=\"heading.default\">\n\t\t\t\t<div class=\"elementor-widget-container\">\n\t\t\t\t\t<h3 class=\"elementor-heading-title elementor-size-default\">Informes en las noticias<\/h3>\t\t\t\t<\/div>\n\t\t\t\t<\/div>\n\t\t\t\t<div class=\"elementor-element elementor-element-91ef391 elementor-widget elementor-widget-spacer\" data-id=\"91ef391\" data-element_type=\"widget\" data-e-type=\"widget\" data-widget_type=\"spacer.default\">\n\t\t\t\t<div class=\"elementor-widget-container\">\n\t\t\t\t\t\t\t<div class=\"elementor-spacer\">\n\t\t\t<div class=\"elementor-spacer-inner\"><\/div>\n\t\t<\/div>\n\t\t\t\t\t\t<\/div>\n\t\t\t\t<\/div>\n\t\t<div class=\"elementor-element elementor-element-0aba9a8 e-grid e-con-full listening-list e-con e-child\" data-id=\"0aba9a8\" data-element_type=\"container\" data-e-type=\"container\">\n\t\t<div class=\"elementor-element elementor-element-7a7afa8 e-con-full listening-list-box e-flex e-con e-child\" data-id=\"7a7afa8\" data-element_type=\"container\" data-e-type=\"container\" data-settings=\"{&quot;background_background&quot;:&quot;classic&quot;}\">\n\t\t\t\t<div class=\"elementor-element elementor-element-8c13b58 elementor-widget elementor-widget-heading\" data-id=\"8c13b58\" data-element_type=\"widget\" data-e-type=\"widget\" data-widget_type=\"heading.default\">\n\t\t\t\t<div class=\"elementor-widget-container\">\n\t\t\t\t\t<h4 class=\"elementor-heading-title elementor-size-default\">Radio p\u00fablica de Colorado<\/h4>\t\t\t\t<\/div>\n\t\t\t\t<\/div>\n\t\t\t\t<div class=\"elementor-element elementor-element-4514136 elementor-widget elementor-widget-spacer\" data-id=\"4514136\" data-element_type=\"widget\" data-e-type=\"widget\" data-widget_type=\"spacer.default\">\n\t\t\t\t<div class=\"elementor-widget-container\">\n\t\t\t\t\t\t\t<div class=\"elementor-spacer\">\n\t\t\t<div class=\"elementor-spacer-inner\"><\/div>\n\t\t<\/div>\n\t\t\t\t\t\t<\/div>\n\t\t\t\t<\/div>\n\t\t\t\t<div class=\"elementor-element elementor-element-c3d566d elementor-widget elementor-widget-text-editor\" data-id=\"c3d566d\" data-element_type=\"widget\" data-e-type=\"widget\" data-widget_type=\"text-editor.default\">\n\t\t\t\t<div class=\"elementor-widget-container\">\n\t\t\t\t\t\t\t\t\t<p>La controvertida estrategia de reforma de las Escuelas P\u00fablicas de Denver condujo a importantes mejoras en el aprendizaje de los estudiantes<\/p>\t\t\t\t\t\t\t\t<\/div>\n\t\t\t\t<\/div>\n\t\t\t\t<div class=\"elementor-element elementor-element-442e776 elementor-widget elementor-widget-spacer\" data-id=\"442e776\" data-element_type=\"widget\" data-e-type=\"widget\" data-widget_type=\"spacer.default\">\n\t\t\t\t<div class=\"elementor-widget-container\">\n\t\t\t\t\t\t\t<div class=\"elementor-spacer\">\n\t\t\t<div class=\"elementor-spacer-inner\"><\/div>\n\t\t<\/div>\n\t\t\t\t\t\t<\/div>\n\t\t\t\t<\/div>\n\t\t\t\t<div class=\"elementor-element elementor-element-a018d2d arrow-heading-btn1 elementor-widget elementor-widget-heading\" data-id=\"a018d2d\" data-element_type=\"widget\" data-e-type=\"widget\" data-widget_type=\"heading.default\">\n\t\t\t\t<div class=\"elementor-widget-container\">\n\t\t\t\t\t<h2 class=\"elementor-heading-title elementor-size-default\"><a href=\"https:\/\/www.cpr.org\/2024\/09\/23\/denver-public-schools-controversial-reform-successful\/\" target=\"_blank\">LEER ART\u00cdCULO <img decoding=\"async\" src=\"\/wp-content\/uploads\/2025\/02\/white-arrow.svg\" width=\"16\"><\/a><\/h2>\t\t\t\t<\/div>\n\t\t\t\t<\/div>\n\t\t\t\t<\/div>\n\t\t<div class=\"elementor-element elementor-element-dad1e0a e-con-full listening-list-box e-flex e-con e-child\" data-id=\"dad1e0a\" data-element_type=\"container\" data-e-type=\"container\" data-settings=\"{&quot;background_background&quot;:&quot;classic&quot;}\">\n\t\t\t\t<div class=\"elementor-element elementor-element-354f8ab elementor-widget elementor-widget-heading\" data-id=\"354f8ab\" data-element_type=\"widget\" data-e-type=\"widget\" data-widget_type=\"heading.default\">\n\t\t\t\t<div class=\"elementor-widget-container\">\n\t\t\t\t\t<h4 class=\"elementor-heading-title elementor-size-default\">Radio p\u00fablica de Colorado<\/h4>\t\t\t\t<\/div>\n\t\t\t\t<\/div>\n\t\t\t\t<div class=\"elementor-element elementor-element-9012daf elementor-widget elementor-widget-spacer\" data-id=\"9012daf\" data-element_type=\"widget\" data-e-type=\"widget\" data-widget_type=\"spacer.default\">\n\t\t\t\t<div class=\"elementor-widget-container\">\n\t\t\t\t\t\t\t<div class=\"elementor-spacer\">\n\t\t\t<div class=\"elementor-spacer-inner\"><\/div>\n\t\t<\/div>\n\t\t\t\t\t\t<\/div>\n\t\t\t\t<\/div>\n\t\t\t\t<div class=\"elementor-element elementor-element-f425d4a elementor-widget elementor-widget-text-editor\" data-id=\"f425d4a\" data-element_type=\"widget\" data-e-type=\"widget\" data-widget_type=\"text-editor.default\">\n\t\t\t\t<div class=\"elementor-widget-container\">\n\t\t\t\t\t\t\t\t\tLa controvertida estrategia de reforma de las Escuelas P\u00fablicas de Denver condujo a puntajes de ex\u00e1menes y tasas de graduaci\u00f3n m\u00e1s altos, pero no sin costos\t\t\t\t\t\t\t\t<\/div>\n\t\t\t\t<\/div>\n\t\t\t\t<div class=\"elementor-element elementor-element-dd73097 elementor-widget elementor-widget-spacer\" data-id=\"dd73097\" data-element_type=\"widget\" data-e-type=\"widget\" data-widget_type=\"spacer.default\">\n\t\t\t\t<div class=\"elementor-widget-container\">\n\t\t\t\t\t\t\t<div class=\"elementor-spacer\">\n\t\t\t<div class=\"elementor-spacer-inner\"><\/div>\n\t\t<\/div>\n\t\t\t\t\t\t<\/div>\n\t\t\t\t<\/div>\n\t\t\t\t<div class=\"elementor-element elementor-element-2382981 arrow-heading-btn1 elementor-widget elementor-widget-heading\" data-id=\"2382981\" data-element_type=\"widget\" data-e-type=\"widget\" data-widget_type=\"heading.default\">\n\t\t\t\t<div class=\"elementor-widget-container\">\n\t\t\t\t\t<h2 class=\"elementor-heading-title elementor-size-default\"><a href=\"https:\/\/www.cpr.org\/2022\/12\/06\/denver-public-schools-reform-strategy-school-choice-results\/\" target=\"_blank\">LEER ART\u00cdCULO <img decoding=\"async\" src=\"\/wp-content\/uploads\/2025\/02\/white-arrow.svg\" width=\"16\"><\/a><\/h2>\t\t\t\t<\/div>\n\t\t\t\t<\/div>\n\t\t\t\t<\/div>\n\t\t<div class=\"elementor-element elementor-element-eef4753 e-con-full listening-list-box e-flex e-con e-child\" data-id=\"eef4753\" data-element_type=\"container\" data-e-type=\"container\" data-settings=\"{&quot;background_background&quot;:&quot;classic&quot;}\">\n\t\t\t\t<div class=\"elementor-element elementor-element-58fc5ef elementor-widget elementor-widget-heading\" data-id=\"58fc5ef\" data-element_type=\"widget\" data-e-type=\"widget\" data-widget_type=\"heading.default\">\n\t\t\t\t<div class=\"elementor-widget-container\">\n\t\t\t\t\t<h4 class=\"elementor-heading-title elementor-size-default\">Chalkbeat Colorado<\/h4>\t\t\t\t<\/div>\n\t\t\t\t<\/div>\n\t\t\t\t<div class=\"elementor-element elementor-element-ca01e6f elementor-widget elementor-widget-spacer\" data-id=\"ca01e6f\" data-element_type=\"widget\" data-e-type=\"widget\" data-widget_type=\"spacer.default\">\n\t\t\t\t<div class=\"elementor-widget-container\">\n\t\t\t\t\t\t\t<div class=\"elementor-spacer\">\n\t\t\t<div class=\"elementor-spacer-inner\"><\/div>\n\t\t<\/div>\n\t\t\t\t\t\t<\/div>\n\t\t\t\t<\/div>\n\t\t\t\t<div class=\"elementor-element elementor-element-52ad378 elementor-widget elementor-widget-text-editor\" data-id=\"52ad378\" data-element_type=\"widget\" data-e-type=\"widget\" data-widget_type=\"text-editor.default\">\n\t\t\t\t<div class=\"elementor-widget-container\">\n\t\t\t\t\t\t\t\t\t<p>La nueva \u00abGu\u00eda de escuelas de Mile High\u00bb del grupo sirve como panel de datos para las escuelas de Denver<\/p>\t\t\t\t\t\t\t\t<\/div>\n\t\t\t\t<\/div>\n\t\t\t\t<div class=\"elementor-element elementor-element-40de65b elementor-widget elementor-widget-spacer\" data-id=\"40de65b\" data-element_type=\"widget\" data-e-type=\"widget\" data-widget_type=\"spacer.default\">\n\t\t\t\t<div class=\"elementor-widget-container\">\n\t\t\t\t\t\t\t<div class=\"elementor-spacer\">\n\t\t\t<div class=\"elementor-spacer-inner\"><\/div>\n\t\t<\/div>\n\t\t\t\t\t\t<\/div>\n\t\t\t\t<\/div>\n\t\t\t\t<div class=\"elementor-element elementor-element-db9e2f9 arrow-heading-btn1 elementor-widget elementor-widget-heading\" data-id=\"db9e2f9\" data-element_type=\"widget\" data-e-type=\"widget\" data-widget_type=\"heading.default\">\n\t\t\t\t<div class=\"elementor-widget-container\">\n\t\t\t\t\t<h2 class=\"elementor-heading-title elementor-size-default\"><a href=\"https:\/\/www.chalkbeat.org\/colorado\/2024\/01\/19\/data-dashboard-for-denver-public-schools-launched-by-rooted\/\" target=\"_blank\">LEER ART\u00cdCULO <img decoding=\"async\" src=\"\/wp-content\/uploads\/2025\/02\/white-arrow.svg\" width=\"16\"><\/a><\/h2>\t\t\t\t<\/div>\n\t\t\t\t<\/div>\n\t\t\t\t<\/div>\n\t\t\t\t<\/div>\n\t\t\t\t<div class=\"elementor-element elementor-element-d562a40 elementor-widget elementor-widget-spacer\" data-id=\"d562a40\" data-element_type=\"widget\" data-e-type=\"widget\" data-widget_type=\"spacer.default\">\n\t\t\t\t<div class=\"elementor-widget-container\">\n\t\t\t\t\t\t\t<div class=\"elementor-spacer\">\n\t\t\t<div class=\"elementor-spacer-inner\"><\/div>\n\t\t<\/div>\n\t\t\t\t\t\t<\/div>\n\t\t\t\t<\/div>\n\t\t\t\t\t<\/div>\n\t\t\t\t<\/div>\n\t\t\t\t<\/div>\n\t\t","protected":false},"excerpt":{"rendered":"<p>Proyectos e informes comunitarios Explore el impactante trabajo que se est\u00e1 llevando a cabo en todo Denver para apoyar a los estudiantes, las familias y las escuelas p\u00fablicas. Desde herramientas que ayudan a las familias a tomar decisiones informadas sobre la escuela hasta movimientos dirigidos por estudiantes que est\u00e1n remodelando la educaci\u00f3n, estos proyectos impulsados [&hellip;]<\/p>\n","protected":false},"author":1,"featured_media":0,"parent":0,"menu_order":0,"comment_status":"closed","ping_status":"closed","template":"elementor_header_footer","meta":{"_acf_changed":false,"inline_featured_image":false,"footnotes":""},"class_list":["post-3674","page","type-page","status-publish","hentry"],"acf":[],"yoast_head":"<!-- This site is optimized with the Yoast SEO plugin v27.3 - https:\/\/yoast.com\/product\/yoast-seo-wordpress\/ -->\n<title>Proyectos e informes comunitarios - Denver Families for Public Schools<\/title>\n<meta name=\"robots\" content=\"index, follow, max-snippet:-1, max-image-preview:large, max-video-preview:-1\" \/>\n<link rel=\"canonical\" href=\"https:\/\/denverfamilies.org\/es\/proyectos-e-informes-comunitarios\/\" \/>\n<meta property=\"og:locale\" content=\"es_ES\" \/>\n<meta property=\"og:type\" content=\"article\" \/>\n<meta property=\"og:title\" content=\"Proyectos e informes comunitarios - Denver Families for Public Schools\" \/>\n<meta property=\"og:description\" content=\"Proyectos e informes comunitarios Explore el impactante trabajo que se est\u00e1 llevando a cabo en todo Denver para apoyar a los estudiantes, las familias y las escuelas p\u00fablicas. Desde herramientas que ayudan a las familias a tomar decisiones informadas sobre la escuela hasta movimientos dirigidos por estudiantes que est\u00e1n remodelando la educaci\u00f3n, estos proyectos impulsados [&hellip;]\" \/>\n<meta property=\"og:url\" content=\"https:\/\/denverfamilies.org\/es\/proyectos-e-informes-comunitarios\/\" \/>\n<meta property=\"og:site_name\" content=\"Denver Families for Public Schools\" \/>\n<meta property=\"article:publisher\" content=\"https:\/\/www.facebook.com\/DenverFamiliesforPublicSchools\" \/>\n<meta property=\"article:modified_time\" content=\"2025-12-01T21:02:02+00:00\" \/>\n<meta property=\"og:image\" content=\"https:\/\/denverfamilies.org\/wp-content\/uploads\/2025\/02\/arc-img1a.png\" \/>\n<meta name=\"twitter:card\" content=\"summary_large_image\" \/>\n<meta name=\"twitter:label1\" content=\"Tiempo de lectura\" \/>\n\t<meta name=\"twitter:data1\" content=\"4 minutos\" \/>\n<script type=\"application\/ld+json\" class=\"yoast-schema-graph\">{\"@context\":\"https:\\\/\\\/schema.org\",\"@graph\":[{\"@type\":\"WebPage\",\"@id\":\"https:\\\/\\\/denverfamilies.org\\\/es\\\/proyectos-e-informes-comunitarios\\\/\",\"url\":\"https:\\\/\\\/denverfamilies.org\\\/es\\\/proyectos-e-informes-comunitarios\\\/\",\"name\":\"Proyectos e informes comunitarios - Denver Families for Public Schools\",\"isPartOf\":{\"@id\":\"https:\\\/\\\/denverfamilies.org\\\/es\\\/#website\"},\"primaryImageOfPage\":{\"@id\":\"https:\\\/\\\/denverfamilies.org\\\/es\\\/proyectos-e-informes-comunitarios\\\/#primaryimage\"},\"image\":{\"@id\":\"https:\\\/\\\/denverfamilies.org\\\/es\\\/proyectos-e-informes-comunitarios\\\/#primaryimage\"},\"thumbnailUrl\":\"https:\\\/\\\/denverfamilies.org\\\/wp-content\\\/uploads\\\/2025\\\/02\\\/arc-img1a.png\",\"datePublished\":\"2025-02-24T17:17:51+00:00\",\"dateModified\":\"2025-12-01T21:02:02+00:00\",\"inLanguage\":\"es\",\"potentialAction\":[{\"@type\":\"ReadAction\",\"target\":[\"https:\\\/\\\/denverfamilies.org\\\/es\\\/proyectos-e-informes-comunitarios\\\/\"]}]},{\"@type\":\"ImageObject\",\"inLanguage\":\"es\",\"@id\":\"https:\\\/\\\/denverfamilies.org\\\/es\\\/proyectos-e-informes-comunitarios\\\/#primaryimage\",\"url\":\"https:\\\/\\\/denverfamilies.org\\\/wp-content\\\/uploads\\\/2025\\\/02\\\/arc-img1a.png\",\"contentUrl\":\"https:\\\/\\\/denverfamilies.org\\\/wp-content\\\/uploads\\\/2025\\\/02\\\/arc-img1a.png\"},{\"@type\":\"WebSite\",\"@id\":\"https:\\\/\\\/denverfamilies.org\\\/es\\\/#website\",\"url\":\"https:\\\/\\\/denverfamilies.org\\\/es\\\/\",\"name\":\"Denver Families for Public Schools\",\"description\":\"A strong public education system is the backbone of a strong democracy.\",\"publisher\":{\"@id\":\"https:\\\/\\\/denverfamilies.org\\\/es\\\/#organization\"},\"potentialAction\":[{\"@type\":\"SearchAction\",\"target\":{\"@type\":\"EntryPoint\",\"urlTemplate\":\"https:\\\/\\\/denverfamilies.org\\\/es\\\/?s={search_term_string}\"},\"query-input\":{\"@type\":\"PropertyValueSpecification\",\"valueRequired\":true,\"valueName\":\"search_term_string\"}}],\"inLanguage\":\"es\"},{\"@type\":\"Organization\",\"@id\":\"https:\\\/\\\/denverfamilies.org\\\/es\\\/#organization\",\"name\":\"Denver Families for Public Schools\",\"url\":\"https:\\\/\\\/denverfamilies.org\\\/es\\\/\",\"logo\":{\"@type\":\"ImageObject\",\"inLanguage\":\"es\",\"@id\":\"https:\\\/\\\/denverfamilies.org\\\/es\\\/#\\\/schema\\\/logo\\\/image\\\/\",\"url\":\"https:\\\/\\\/denverfamilies.org\\\/wp-content\\\/uploads\\\/2026\\\/01\\\/denver-families-logo.png\",\"contentUrl\":\"https:\\\/\\\/denverfamilies.org\\\/wp-content\\\/uploads\\\/2026\\\/01\\\/denver-families-logo.png\",\"width\":962,\"height\":240,\"caption\":\"Denver Families for Public Schools\"},\"image\":{\"@id\":\"https:\\\/\\\/denverfamilies.org\\\/es\\\/#\\\/schema\\\/logo\\\/image\\\/\"},\"sameAs\":[\"https:\\\/\\\/www.facebook.com\\\/DenverFamiliesforPublicSchools\",\"https:\\\/\\\/www.instagram.com\\\/denverfamilies\\\/\",\"https:\\\/\\\/www.linkedin.com\\\/company\\\/denverfamilies\"]}]}<\/script>\n<!-- \/ Yoast SEO plugin. -->","yoast_head_json":{"title":"Proyectos e informes comunitarios - Denver Families for Public Schools","robots":{"index":"index","follow":"follow","max-snippet":"max-snippet:-1","max-image-preview":"max-image-preview:large","max-video-preview":"max-video-preview:-1"},"canonical":"https:\/\/denverfamilies.org\/es\/proyectos-e-informes-comunitarios\/","og_locale":"es_ES","og_type":"article","og_title":"Proyectos e informes comunitarios - Denver Families for Public Schools","og_description":"Proyectos e informes comunitarios Explore el impactante trabajo que se est\u00e1 llevando a cabo en todo Denver para apoyar a los estudiantes, las familias y las escuelas p\u00fablicas. Desde herramientas que ayudan a las familias a tomar decisiones informadas sobre la escuela hasta movimientos dirigidos por estudiantes que est\u00e1n remodelando la educaci\u00f3n, estos proyectos impulsados [&hellip;]","og_url":"https:\/\/denverfamilies.org\/es\/proyectos-e-informes-comunitarios\/","og_site_name":"Denver Families for Public Schools","article_publisher":"https:\/\/www.facebook.com\/DenverFamiliesforPublicSchools","article_modified_time":"2025-12-01T21:02:02+00:00","og_image":[{"url":"https:\/\/denverfamilies.org\/wp-content\/uploads\/2025\/02\/arc-img1a.png","type":"","width":"","height":""}],"twitter_card":"summary_large_image","twitter_misc":{"Tiempo de lectura":"4 minutos"},"schema":{"@context":"https:\/\/schema.org","@graph":[{"@type":"WebPage","@id":"https:\/\/denverfamilies.org\/es\/proyectos-e-informes-comunitarios\/","url":"https:\/\/denverfamilies.org\/es\/proyectos-e-informes-comunitarios\/","name":"Proyectos e informes comunitarios - Denver Families for Public Schools","isPartOf":{"@id":"https:\/\/denverfamilies.org\/es\/#website"},"primaryImageOfPage":{"@id":"https:\/\/denverfamilies.org\/es\/proyectos-e-informes-comunitarios\/#primaryimage"},"image":{"@id":"https:\/\/denverfamilies.org\/es\/proyectos-e-informes-comunitarios\/#primaryimage"},"thumbnailUrl":"https:\/\/denverfamilies.org\/wp-content\/uploads\/2025\/02\/arc-img1a.png","datePublished":"2025-02-24T17:17:51+00:00","dateModified":"2025-12-01T21:02:02+00:00","inLanguage":"es","potentialAction":[{"@type":"ReadAction","target":["https:\/\/denverfamilies.org\/es\/proyectos-e-informes-comunitarios\/"]}]},{"@type":"ImageObject","inLanguage":"es","@id":"https:\/\/denverfamilies.org\/es\/proyectos-e-informes-comunitarios\/#primaryimage","url":"https:\/\/denverfamilies.org\/wp-content\/uploads\/2025\/02\/arc-img1a.png","contentUrl":"https:\/\/denverfamilies.org\/wp-content\/uploads\/2025\/02\/arc-img1a.png"},{"@type":"WebSite","@id":"https:\/\/denverfamilies.org\/es\/#website","url":"https:\/\/denverfamilies.org\/es\/","name":"Denver Families for Public Schools","description":"A strong public education system is the backbone of a strong democracy.","publisher":{"@id":"https:\/\/denverfamilies.org\/es\/#organization"},"potentialAction":[{"@type":"SearchAction","target":{"@type":"EntryPoint","urlTemplate":"https:\/\/denverfamilies.org\/es\/?s={search_term_string}"},"query-input":{"@type":"PropertyValueSpecification","valueRequired":true,"valueName":"search_term_string"}}],"inLanguage":"es"},{"@type":"Organization","@id":"https:\/\/denverfamilies.org\/es\/#organization","name":"Denver Families for Public Schools","url":"https:\/\/denverfamilies.org\/es\/","logo":{"@type":"ImageObject","inLanguage":"es","@id":"https:\/\/denverfamilies.org\/es\/#\/schema\/logo\/image\/","url":"https:\/\/denverfamilies.org\/wp-content\/uploads\/2026\/01\/denver-families-logo.png","contentUrl":"https:\/\/denverfamilies.org\/wp-content\/uploads\/2026\/01\/denver-families-logo.png","width":962,"height":240,"caption":"Denver Families for Public Schools"},"image":{"@id":"https:\/\/denverfamilies.org\/es\/#\/schema\/logo\/image\/"},"sameAs":["https:\/\/www.facebook.com\/DenverFamiliesforPublicSchools","https:\/\/www.instagram.com\/denverfamilies\/","https:\/\/www.linkedin.com\/company\/denverfamilies"]}]}},"_links":{"self":[{"href":"https:\/\/denverfamilies.org\/es\/wp-json\/wp\/v2\/pages\/3674","targetHints":{"allow":["GET"]}}],"collection":[{"href":"https:\/\/denverfamilies.org\/es\/wp-json\/wp\/v2\/pages"}],"about":[{"href":"https:\/\/denverfamilies.org\/es\/wp-json\/wp\/v2\/types\/page"}],"author":[{"embeddable":true,"href":"https:\/\/denverfamilies.org\/es\/wp-json\/wp\/v2\/users\/1"}],"replies":[{"embeddable":true,"href":"https:\/\/denverfamilies.org\/es\/wp-json\/wp\/v2\/comments?post=3674"}],"version-history":[{"count":0,"href":"https:\/\/denverfamilies.org\/es\/wp-json\/wp\/v2\/pages\/3674\/revisions"}],"wp:attachment":[{"href":"https:\/\/denverfamilies.org\/es\/wp-json\/wp\/v2\/media?parent=3674"}],"curies":[{"name":"wp","href":"https:\/\/api.w.org\/{rel}","templated":true}]}}