{"id":3550,"date":"2025-02-21T04:30:44","date_gmt":"2025-02-21T11:30:44","guid":{"rendered":"https:\/\/dfc3stg.wpenginepowered.com\/nuestro-trabajo\/"},"modified":"2025-10-22T19:56:08","modified_gmt":"2025-10-22T19:56:08","slug":"nuestro-trabajo","status":"publish","type":"page","link":"https:\/\/denverfamilies.org\/es\/nuestro-trabajo\/","title":{"rendered":"Nuestro trabajo"},"content":{"rendered":"\t\t<div data-elementor-type=\"wp-page\" data-elementor-id=\"3550\" class=\"elementor elementor-3550 elementor-169\" data-elementor-post-type=\"page\">\n\t\t\t\t<div class=\"elementor-element elementor-element-4a9727b e-con-full e-flex e-con e-parent\" data-id=\"4a9727b\" data-element_type=\"container\" data-e-type=\"container\" data-settings=\"{&quot;background_background&quot;:&quot;classic&quot;}\">\n\t\t<div class=\"elementor-element elementor-element-4a4d652 e-flex e-con-boxed e-con e-child\" data-id=\"4a4d652\" data-element_type=\"container\" data-e-type=\"container\" data-settings=\"{&quot;background_background&quot;:&quot;classic&quot;}\">\n\t\t\t\t\t<div class=\"e-con-inner\">\n\t\t<div class=\"elementor-element elementor-element-e3ee5fc e-con-full e-flex e-con e-child\" data-id=\"e3ee5fc\" data-element_type=\"container\" data-e-type=\"container\">\n\t\t\t\t<div class=\"elementor-element elementor-element-d85f96e elementor-widget elementor-widget-heading\" data-id=\"d85f96e\" data-element_type=\"widget\" data-e-type=\"widget\" data-widget_type=\"heading.default\">\n\t\t\t\t<div class=\"elementor-widget-container\">\n\t\t\t\t\t<h1 class=\"elementor-heading-title elementor-size-default\">Nuestro trabajo<\/h1>\t\t\t\t<\/div>\n\t\t\t\t<\/div>\n\t\t\t\t<\/div>\n\t\t\t\t<div class=\"elementor-element elementor-element-4775f73 elementor-widget elementor-widget-image\" data-id=\"4775f73\" data-element_type=\"widget\" data-e-type=\"widget\" data-widget_type=\"image.default\">\n\t\t\t\t<div class=\"elementor-widget-container\">\n\t\t\t\t\t\t\t\t\t\t\t\t\t\t\t<img fetchpriority=\"high\" decoding=\"async\" width=\"800\" height=\"600\" src=\"https:\/\/denverfamilies.org\/wp-content\/uploads\/2025\/07\/denver-families-our-work.jpg\" class=\"attachment-large size-large wp-image-3554\" alt=\"Nuestro trabajo\" srcset=\"https:\/\/denverfamilies.org\/wp-content\/uploads\/2025\/07\/denver-families-our-work.jpg 1000w, https:\/\/denverfamilies.org\/wp-content\/uploads\/2025\/07\/denver-families-our-work-300x225.jpg 300w, https:\/\/denverfamilies.org\/wp-content\/uploads\/2025\/07\/denver-families-our-work-768x576.jpg 768w\" sizes=\"(max-width: 800px) 100vw, 800px\" \/>\t\t\t\t\t\t\t\t\t\t\t\t\t\t\t<\/div>\n\t\t\t\t<\/div>\n\t\t\t\t\t<\/div>\n\t\t\t\t<\/div>\n\t\t\t\t<\/div>\n\t\t\t\t<section class=\"elementor-section elementor-top-section elementor-element elementor-element-4492858 mobile-bg-hide elementor-section-boxed elementor-section-height-default elementor-section-height-default\" data-id=\"4492858\" data-element_type=\"section\" data-e-type=\"section\" data-settings=\"{&quot;background_background&quot;:&quot;classic&quot;}\">\n\t\t\t\t\t\t\t<div class=\"elementor-background-overlay\"><\/div>\n\t\t\t\t\t\t\t<div class=\"elementor-container elementor-column-gap-default\">\n\t\t\t\t\t<div class=\"elementor-column elementor-col-100 elementor-top-column elementor-element elementor-element-2d743c5\" data-id=\"2d743c5\" data-element_type=\"column\" data-e-type=\"column\">\n\t\t\t<div class=\"elementor-widget-wrap elementor-element-populated\">\n\t\t\t\t\t\t<div class=\"elementor-element elementor-element-7cfc322 elementor-widget elementor-widget-text-editor\" data-id=\"7cfc322\" data-element_type=\"widget\" data-e-type=\"widget\" data-widget_type=\"text-editor.default\">\n\t\t\t\t<div class=\"elementor-widget-container\">\n\t\t\t\t\t\t\t\t\tDesde 2023, hemos llegado a m\u00e1s de 100.000 personas en todos los barrios de Denver\t\t\t\t\t\t\t\t<\/div>\n\t\t\t\t<\/div>\n\t\t<div class=\"elementor-element elementor-element-f285ed2 e-grid listening-list e-con-boxed e-con e-parent\" data-id=\"f285ed2\" data-element_type=\"container\" data-e-type=\"container\">\n\t\t\t\t\t<div class=\"e-con-inner\">\n\t\t<div class=\"elementor-element elementor-element-5ec7716 e-con-full listening-list-box e-flex e-con e-child\" data-id=\"5ec7716\" data-element_type=\"container\" data-e-type=\"container\" data-settings=\"{&quot;background_background&quot;:&quot;classic&quot;}\">\n\t\t<div class=\"elementor-element elementor-element-f6153cb e-con-full e-flex e-con e-child\" data-id=\"f6153cb\" data-element_type=\"container\" data-e-type=\"container\">\n\t\t\t\t<div class=\"elementor-element elementor-element-043cdb5 elementor-view-default elementor-widget elementor-widget-icon\" data-id=\"043cdb5\" data-element_type=\"widget\" data-e-type=\"widget\" data-widget_type=\"icon.default\">\n\t\t\t\t<div class=\"elementor-widget-container\">\n\t\t\t\t\t\t\t<div class=\"elementor-icon-wrapper\">\n\t\t\t<div class=\"elementor-icon\">\n\t\t\t<svg xmlns=\"http:\/\/www.w3.org\/2000\/svg\" width=\"30\" height=\"26\" viewBox=\"0 0 30 26\" fill=\"none\"><path d=\"M22.9998 18.1081C24.941 19.0833 26.6053 20.6482 27.8201 22.605C28.0606 22.9926 28.1809 23.1863 28.2225 23.4546C28.307 23.9999 27.9342 24.6702 27.4264 24.8861C27.1765 24.9922 26.8953 24.9922 26.3332 24.9922M20.3332 12.3685C22.3088 11.3867 23.6665 9.348 23.6665 6.99219C23.6665 4.63637 22.3088 2.59767 20.3332 1.61587M17.6665 6.99219C17.6665 10.3059 14.9801 12.9922 11.6665 12.9922C8.35275 12.9922 5.66645 10.3059 5.66645 6.99219C5.66645 3.67848 8.35275 0.992188 11.6665 0.992188C14.9801 0.992188 17.6665 3.67848 17.6665 6.99219ZM2.41209 22.2433C4.53784 19.0517 7.89228 16.9922 11.6665 16.9922C15.4406 16.9922 18.795 19.0517 20.9208 22.2433C21.3865 22.9426 21.6193 23.2922 21.5925 23.7387C21.5717 24.0865 21.3437 24.5122 21.0658 24.7223C20.709 24.9922 20.2182 24.9922 19.2366 24.9922H4.09627C3.11468 24.9922 2.62389 24.9922 2.26704 24.7223C1.98919 24.5122 1.76124 24.0865 1.74036 23.7387C1.71356 23.2922 1.9464 22.9426 2.41209 22.2433Z\" stroke=\"#FEE3A9\" stroke-width=\"2\" stroke-linecap=\"round\" stroke-linejoin=\"round\"><\/path><\/svg>\t\t\t<\/div>\n\t\t<\/div>\n\t\t\t\t\t\t<\/div>\n\t\t\t\t<\/div>\n\t\t\t\t<div class=\"elementor-element elementor-element-25ad0fa elementor-widget elementor-widget-heading\" data-id=\"25ad0fa\" data-element_type=\"widget\" data-e-type=\"widget\" data-widget_type=\"heading.default\">\n\t\t\t\t<div class=\"elementor-widget-container\">\n\t\t\t\t\t<h4 class=\"elementor-heading-title elementor-size-default\">M\u00e1s de 1.200 encuestas<\/h4>\t\t\t\t<\/div>\n\t\t\t\t<\/div>\n\t\t\t\t<div class=\"elementor-element elementor-element-ebaf7b9 elementor-widget elementor-widget-text-editor\" data-id=\"ebaf7b9\" data-element_type=\"widget\" data-e-type=\"widget\" data-widget_type=\"text-editor.default\">\n\t\t\t\t<div class=\"elementor-widget-container\">\n\t\t\t\t\t\t\t\t\t<p>Recopiladas dentro de las comunidades escolares de DPS sobre sus principales preocupaciones educativas<\/p>\t\t\t\t\t\t\t\t<\/div>\n\t\t\t\t<\/div>\n\t\t\t\t<\/div>\n\t\t\t\t<div class=\"elementor-element elementor-element-9f8352a elementor-widget elementor-widget-image\" data-id=\"9f8352a\" data-element_type=\"widget\" data-e-type=\"widget\" data-widget_type=\"image.default\">\n\t\t\t\t<div class=\"elementor-widget-container\">\n\t\t\t\t\t\t\t\t\t\t\t\t\t\t\t<img decoding=\"async\" width=\"262\" height=\"9\" src=\"https:\/\/denverfamilies.org\/wp-content\/uploads\/2025\/02\/wave.svg\" class=\"attachment-full size-full wp-image-3501\" alt=\"\" \/>\t\t\t\t\t\t\t\t\t\t\t\t\t\t\t<\/div>\n\t\t\t\t<\/div>\n\t\t\t\t<\/div>\n\t\t<div class=\"elementor-element elementor-element-0fd806f e-con-full listening-list-box e-flex e-con e-child\" data-id=\"0fd806f\" data-element_type=\"container\" data-e-type=\"container\" data-settings=\"{&quot;background_background&quot;:&quot;classic&quot;}\">\n\t\t<div class=\"elementor-element elementor-element-b94b565 e-con-full e-flex e-con e-child\" data-id=\"b94b565\" data-element_type=\"container\" data-e-type=\"container\">\n\t\t\t\t<div class=\"elementor-element elementor-element-9da9ce5 elementor-view-default elementor-widget elementor-widget-icon\" data-id=\"9da9ce5\" data-element_type=\"widget\" data-e-type=\"widget\" data-widget_type=\"icon.default\">\n\t\t\t\t<div class=\"elementor-widget-container\">\n\t\t\t\t\t\t\t<div class=\"elementor-icon-wrapper\">\n\t\t\t<div class=\"elementor-icon\">\n\t\t\t<svg xmlns=\"http:\/\/www.w3.org\/2000\/svg\" width=\"32\" height=\"32\" viewBox=\"0 0 32 32\" fill=\"none\"><path d=\"M16.0003 29.3229C23.3641 29.3229 29.3337 23.3533 29.3337 15.9896C29.3337 8.62578 23.3641 2.65625 16.0003 2.65625C8.63653 2.65625 2.66699 8.62578 2.66699 15.9896C2.66699 23.3533 8.63653 29.3229 16.0003 29.3229Z\" stroke=\"#DBD5FD\" stroke-width=\"2\" stroke-linecap=\"round\" stroke-linejoin=\"round\"><\/path><path fill-rule=\"evenodd\" clip-rule=\"evenodd\" d=\"M15.9951 12.0801C14.6622 10.5218 12.4395 10.1027 10.7695 11.5296C9.09944 12.9565 8.86432 15.3422 10.1758 17.0298C11.0158 18.1108 13.1671 20.1152 14.6053 21.4168C15.0833 21.8492 15.3222 22.0654 15.6085 22.1522C15.8545 22.2268 16.1357 22.2268 16.3818 22.1522C16.6679 22.0654 16.907 21.8492 17.3849 21.4168C18.8231 20.1152 20.9743 18.1108 21.8145 17.0298C23.1259 15.3422 22.9195 12.9415 21.2207 11.5296C19.5219 10.1177 17.3281 10.5218 15.9951 12.0801Z\" stroke=\"#DBD5FD\" stroke-width=\"2\" stroke-linecap=\"round\" stroke-linejoin=\"round\"><\/path><\/svg>\t\t\t<\/div>\n\t\t<\/div>\n\t\t\t\t\t\t<\/div>\n\t\t\t\t<\/div>\n\t\t\t\t<div class=\"elementor-element elementor-element-799c68b elementor-widget elementor-widget-heading\" data-id=\"799c68b\" data-element_type=\"widget\" data-e-type=\"widget\" data-widget_type=\"heading.default\">\n\t\t\t\t<div class=\"elementor-widget-container\">\n\t\t\t\t\t<h4 class=\"elementor-heading-title elementor-size-default\">M\u00e1s de 160 participantes<\/h4>\t\t\t\t<\/div>\n\t\t\t\t<\/div>\n\t\t\t\t<div class=\"elementor-element elementor-element-a54a448 elementor-widget elementor-widget-text-editor\" data-id=\"a54a448\" data-element_type=\"widget\" data-e-type=\"widget\" data-widget_type=\"text-editor.default\">\n\t\t\t\t<div class=\"elementor-widget-container\">\n\t\t\t\t\t\t\t\t\t<p>En grupos focales con familias, educadores y exalumnos de DPS en toda la ciudad<\/p>\t\t\t\t\t\t\t\t<\/div>\n\t\t\t\t<\/div>\n\t\t\t\t<\/div>\n\t\t\t\t<div class=\"elementor-element elementor-element-a6d6e6f elementor-widget elementor-widget-image\" data-id=\"a6d6e6f\" data-element_type=\"widget\" data-e-type=\"widget\" data-widget_type=\"image.default\">\n\t\t\t\t<div class=\"elementor-widget-container\">\n\t\t\t\t\t\t\t\t\t\t\t\t\t\t\t<img decoding=\"async\" width=\"262\" height=\"13\" src=\"https:\/\/denverfamilies.org\/wp-content\/uploads\/2025\/02\/wave-1.svg\" class=\"attachment-full size-full wp-image-3503\" alt=\"\" \/>\t\t\t\t\t\t\t\t\t\t\t\t\t\t\t<\/div>\n\t\t\t\t<\/div>\n\t\t\t\t<\/div>\n\t\t<div class=\"elementor-element elementor-element-f557afe e-con-full listening-list-box e-flex e-con e-child\" data-id=\"f557afe\" data-element_type=\"container\" data-e-type=\"container\" data-settings=\"{&quot;background_background&quot;:&quot;classic&quot;}\">\n\t\t<div class=\"elementor-element elementor-element-284644f e-con-full e-flex e-con e-child\" data-id=\"284644f\" data-element_type=\"container\" data-e-type=\"container\">\n\t\t\t\t<div class=\"elementor-element elementor-element-70d5035 elementor-view-default elementor-widget elementor-widget-icon\" data-id=\"70d5035\" data-element_type=\"widget\" data-e-type=\"widget\" data-widget_type=\"icon.default\">\n\t\t\t\t<div class=\"elementor-widget-container\">\n\t\t\t\t\t\t\t<div class=\"elementor-icon-wrapper\">\n\t\t\t<div class=\"elementor-icon\">\n\t\t\t<svg xmlns=\"http:\/\/www.w3.org\/2000\/svg\" width=\"30\" height=\"27\" viewBox=\"0 0 30 27\" fill=\"none\"><path d=\"M28.3337 8.6568V13.9901M12.667 5.32345H8.06699C5.82678 5.32345 4.70667 5.32345 3.85103 5.75942C3.09838 6.14292 2.48646 6.75484 2.10297 7.50749C1.66699 8.36314 1.66699 9.48325 1.66699 11.7234V13.3234C1.66699 14.566 1.66699 15.1872 1.86998 15.6773C2.14063 16.3306 2.65977 16.8498 3.31317 17.1205C3.80323 17.3234 4.42449 17.3234 5.66699 17.3234V22.9901C5.66699 23.2997 5.66699 23.4545 5.67983 23.5848C5.80454 24.8509 6.80621 25.8526 8.07228 25.9773C8.20266 25.9901 8.35743 25.9901 8.66699 25.9901C8.97655 25.9901 9.13134 25.9901 9.26171 25.9773C10.5278 25.8526 11.5295 24.8509 11.6542 23.5848C11.667 23.4545 11.667 23.2997 11.667 22.9901V17.3234H12.667C15.0222 17.3234 17.9033 18.586 20.1261 19.7977C21.4227 20.5045 22.0711 20.858 22.4958 20.806C22.8895 20.7577 23.1873 20.5809 23.4181 20.2582C23.667 19.9104 23.667 19.2141 23.667 17.8217V4.82517C23.667 3.43278 23.667 2.73658 23.4181 2.38864C23.1873 2.06598 22.8895 1.88918 22.4958 1.84096C22.0711 1.78894 21.4227 2.14238 20.1261 2.84926C17.9033 4.06093 15.0222 5.32345 12.667 5.32345Z\" stroke=\"#6357AD\" stroke-width=\"2\" stroke-linecap=\"round\" stroke-linejoin=\"round\"><\/path><\/svg>\t\t\t<\/div>\n\t\t<\/div>\n\t\t\t\t\t\t<\/div>\n\t\t\t\t<\/div>\n\t\t\t\t<div class=\"elementor-element elementor-element-c948572 elementor-widget elementor-widget-heading\" data-id=\"c948572\" data-element_type=\"widget\" data-e-type=\"widget\" data-widget_type=\"heading.default\">\n\t\t\t\t<div class=\"elementor-widget-container\">\n\t\t\t\t\t<h4 class=\"elementor-heading-title elementor-size-default\">M\u00e1s de 8.500 conversaciones<\/h4>\t\t\t\t<\/div>\n\t\t\t\t<\/div>\n\t\t\t\t<div class=\"elementor-element elementor-element-184f594 elementor-widget elementor-widget-text-editor\" data-id=\"184f594\" data-element_type=\"widget\" data-e-type=\"widget\" data-widget_type=\"text-editor.default\">\n\t\t\t\t<div class=\"elementor-widget-container\">\n\t\t\t\t\t\t\t\t\t<p>Con residentes de Denver en sus puertas sobre temas de educaci\u00f3n p\u00fablica<\/p>\t\t\t\t\t\t\t\t<\/div>\n\t\t\t\t<\/div>\n\t\t\t\t<\/div>\n\t\t\t\t<div class=\"elementor-element elementor-element-0f15d9b elementor-widget elementor-widget-image\" data-id=\"0f15d9b\" data-element_type=\"widget\" data-e-type=\"widget\" data-widget_type=\"image.default\">\n\t\t\t\t<div class=\"elementor-widget-container\">\n\t\t\t\t\t\t\t\t\t\t\t\t\t\t\t<img loading=\"lazy\" decoding=\"async\" width=\"262\" height=\"13\" src=\"https:\/\/denverfamilies.org\/wp-content\/uploads\/2025\/02\/wave-2.svg\" class=\"attachment-full size-full wp-image-3505\" alt=\"\" \/>\t\t\t\t\t\t\t\t\t\t\t\t\t\t\t<\/div>\n\t\t\t\t<\/div>\n\t\t\t\t<\/div>\n\t\t\t\t\t<\/div>\n\t\t\t\t<\/div>\n\t\t\t\t\t<\/div>\n\t\t<\/div>\n\t\t\t\t\t<\/div>\n\t\t<\/section>\n\t\t<div class=\"elementor-element elementor-element-a60dc4c e-flex e-con-boxed e-con e-parent\" data-id=\"a60dc4c\" data-element_type=\"container\" data-e-type=\"container\" data-settings=\"{&quot;background_background&quot;:&quot;classic&quot;}\">\n\t\t\t\t\t<div class=\"e-con-inner\">\n\t\t\t\t<div class=\"elementor-element elementor-element-204aec5 elementor-widget elementor-widget-heading\" data-id=\"204aec5\" data-element_type=\"widget\" data-e-type=\"widget\" data-widget_type=\"heading.default\">\n\t\t\t\t<div class=\"elementor-widget-container\">\n\t\t\t\t\t<h2 class=\"elementor-heading-title elementor-size-default\">Escucha<\/h2>\t\t\t\t<\/div>\n\t\t\t\t<\/div>\n\t\t\t\t<div class=\"elementor-element elementor-element-fef7c4f elementor-widget elementor-widget-text-editor\" data-id=\"fef7c4f\" data-element_type=\"widget\" data-e-type=\"widget\" data-widget_type=\"text-editor.default\">\n\t\t\t\t<div class=\"elementor-widget-container\">\n\t\t\t\t\t\t\t\t\t<p>Nos reunimos con familias, educadores y miembros de la comunidad donde se encuentran, en escuelas p\u00fablicas, eventos comunitarios o en sus puertas, para comprender los problemas que les preocupan y participar en conversaciones sobre el futuro de la educaci\u00f3n p\u00fablica en Denver.<\/p>\t\t\t\t\t\t\t\t<\/div>\n\t\t\t\t<\/div>\n\t\t\t\t<div class=\"elementor-element elementor-element-86d24d2 elementor-widget elementor-widget-text-editor\" data-id=\"86d24d2\" data-element_type=\"widget\" data-e-type=\"widget\" data-widget_type=\"text-editor.default\">\n\t\t\t\t<div class=\"elementor-widget-container\">\n\t\t\t\t\t\t\t\t\t<p>Juntos, utilizamos nuestros hallazgos para dar forma a nuestra <strong><a href=\"https:\/\/denverfamilies.org\/es\/plataforma-politica\/\">Plataforma Pol\u00edtica<\/a><\/strong>, que a su vez informa a los l\u00edderes del distrito y a los responsables de la formulaci\u00f3n de pol\u00edticas sobre lo que la comunidad quiere en su sistema educativo.<\/p>\t\t\t\t\t\t\t\t<\/div>\n\t\t\t\t<\/div>\n\t\t<div class=\"elementor-element elementor-element-db18380 e-grid listening-list e-con-full e-con e-child\" data-id=\"db18380\" data-element_type=\"container\" data-e-type=\"container\">\n\t\t<div class=\"elementor-element elementor-element-0dbdd07 e-con-full listening-list-box e-flex e-con e-child\" data-id=\"0dbdd07\" data-element_type=\"container\" data-e-type=\"container\" data-settings=\"{&quot;background_background&quot;:&quot;classic&quot;}\">\n\t\t\t\t<div class=\"elementor-element elementor-element-f48ded6 elementor-widget elementor-widget-heading\" data-id=\"f48ded6\" data-element_type=\"widget\" data-e-type=\"widget\" data-widget_type=\"heading.default\">\n\t\t\t\t<div class=\"elementor-widget-container\">\n\t\t\t\t\t<h4 class=\"elementor-heading-title elementor-size-default\">Campa\u00f1a de escucha<\/h4>\t\t\t\t<\/div>\n\t\t\t\t<\/div>\n\t\t\t\t<div class=\"elementor-element elementor-element-711b131 elementor-widget elementor-widget-text-editor\" data-id=\"711b131\" data-element_type=\"widget\" data-e-type=\"widget\" data-widget_type=\"text-editor.default\">\n\t\t\t\t<div class=\"elementor-widget-container\">\n\t\t\t\t\t\t\t\t\t<p>Desde febrero de 2023 hasta agosto de 2024, Denver Families se relacion\u00f3 con 8.575 residentes en todos los barrios de la ciudad. A trav\u00e9s de esta campa\u00f1a de escucha de dos a\u00f1os, surgieron tres prioridades principales de la comunidad: <strong>Acad\u00e9micos, Salud Mental y Seguridad.<\/strong> <\/p>\t\t\t\t\t\t\t\t<\/div>\n\t\t\t\t<\/div>\n\t\t\t\t<div class=\"elementor-element elementor-element-3ac36d7 elementor-widget elementor-widget-image\" data-id=\"3ac36d7\" data-element_type=\"widget\" data-e-type=\"widget\" data-widget_type=\"image.default\">\n\t\t\t\t<div class=\"elementor-widget-container\">\n\t\t\t\t\t\t\t\t\t\t\t\t\t\t\t<img loading=\"lazy\" decoding=\"async\" width=\"266\" height=\"15\" src=\"https:\/\/denverfamilies.org\/wp-content\/uploads\/2025\/02\/yellow-line.svg\" class=\"attachment-full size-full wp-image-3431\" alt=\"\" \/>\t\t\t\t\t\t\t\t\t\t\t\t\t\t\t<\/div>\n\t\t\t\t<\/div>\n\t\t\t\t<div class=\"elementor-element elementor-element-6956964 elementor-align-left elementor-widget__width-auto elementor-widget elementor-widget-button\" data-id=\"6956964\" data-element_type=\"widget\" data-e-type=\"widget\" data-widget_type=\"button.default\">\n\t\t\t\t<div class=\"elementor-widget-container\">\n\t\t\t\t\t\t\t\t\t<div class=\"elementor-button-wrapper\">\n\t\t\t\t\t<a class=\"elementor-button elementor-button-link elementor-size-sm\" href=\"https:\/\/denverfamilies.org\/es\/campana-de-escucha\/\">\n\t\t\t\t\t\t<span class=\"elementor-button-content-wrapper\">\n\t\t\t\t\t\t<span class=\"elementor-button-icon\">\n\t\t\t\t<svg xmlns=\"http:\/\/www.w3.org\/2000\/svg\" xmlns:xlink=\"http:\/\/www.w3.org\/1999\/xlink\" width=\"15.041\" height=\"17.149\" viewBox=\"0 0 15.041 17.149\"><defs><clipPath id=\"clip-path\"><rect id=\"Rectangle_1424\" data-name=\"Rectangle 1424\" width=\"17.149\" height=\"15.041\" fill=\"#4d3904\"><\/rect><\/clipPath><\/defs><g id=\"Group_340\" data-name=\"Group 340\" transform=\"translate(0 17.149) rotate(-90)\"><g id=\"Group_239\" data-name=\"Group 239\" transform=\"translate(0 0)\" clip-path=\"url(#clip-path)\"><path id=\"Path_1234\" data-name=\"Path 1234\" d=\"M16.932,0a20.362,20.362,0,0,0-8.2,3.841.257.257,0,0,1-.317,0A20.366,20.366,0,0,0,.217,0,.18.18,0,0,0,.074.326,21.242,21.242,0,0,1,5.746,6.7,20.992,20.992,0,0,1,8.435,14.82c.006.053.011.106.017.159a.153.153,0,0,0,.245,0c.006-.052.011-.106.017-.159A20.979,20.979,0,0,1,11.4,6.7,21.219,21.219,0,0,1,17.076.326.18.18,0,0,0,16.932,0\" transform=\"translate(0 0)\" fill=\"#4d3904\"><\/path><\/g><\/g><\/svg>\t\t\t<\/span>\n\t\t\t\t\t\t\t\t\t<span class=\"elementor-button-text\">M\u00c1S INFORMACI\u00d3N<\/span>\n\t\t\t\t\t<\/span>\n\t\t\t\t\t<\/a>\n\t\t\t\t<\/div>\n\t\t\t\t\t\t\t\t<\/div>\n\t\t\t\t<\/div>\n\t\t\t\t<div class=\"elementor-element elementor-element-299426f elementor-widget elementor-widget-spacer\" data-id=\"299426f\" data-element_type=\"widget\" data-e-type=\"widget\" data-widget_type=\"spacer.default\">\n\t\t\t\t<div class=\"elementor-widget-container\">\n\t\t\t\t\t\t\t<div class=\"elementor-spacer\">\n\t\t\t<div class=\"elementor-spacer-inner\"><\/div>\n\t\t<\/div>\n\t\t\t\t\t\t<\/div>\n\t\t\t\t<\/div>\n\t\t\t\t<div class=\"elementor-element elementor-element-efc39b5 elementor-widget elementor-widget-image\" data-id=\"efc39b5\" data-element_type=\"widget\" data-e-type=\"widget\" data-widget_type=\"image.default\">\n\t\t\t\t<div class=\"elementor-widget-container\">\n\t\t\t\t\t\t\t\t\t\t\t\t\t\t\t<img loading=\"lazy\" decoding=\"async\" width=\"540\" height=\"424\" src=\"https:\/\/denverfamilies.org\/wp-content\/uploads\/2025\/02\/Listening-Campaign-min.png\" class=\"attachment-full size-full wp-image-3432\" alt=\"\" srcset=\"https:\/\/denverfamilies.org\/wp-content\/uploads\/2025\/02\/Listening-Campaign-min.png 540w, https:\/\/denverfamilies.org\/wp-content\/uploads\/2025\/02\/Listening-Campaign-min-300x236.png 300w\" sizes=\"(max-width: 540px) 100vw, 540px\" \/>\t\t\t\t\t\t\t\t\t\t\t\t\t\t\t<\/div>\n\t\t\t\t<\/div>\n\t\t\t\t<\/div>\n\t\t<div class=\"elementor-element elementor-element-8ff302e e-con-full listening-list-box e-flex e-con e-child\" data-id=\"8ff302e\" data-element_type=\"container\" data-e-type=\"container\" data-settings=\"{&quot;background_background&quot;:&quot;classic&quot;}\">\n\t\t\t\t<div class=\"elementor-element elementor-element-fd7dc6e elementor-widget elementor-widget-heading\" data-id=\"fd7dc6e\" data-element_type=\"widget\" data-e-type=\"widget\" data-widget_type=\"heading.default\">\n\t\t\t\t<div class=\"elementor-widget-container\">\n\t\t\t\t\t<h4 class=\"elementor-heading-title elementor-size-default\">Encuesta de mesa de cocina<\/h4>\t\t\t\t<\/div>\n\t\t\t\t<\/div>\n\t\t\t\t<div class=\"elementor-element elementor-element-d667494 elementor-widget elementor-widget-text-editor\" data-id=\"d667494\" data-element_type=\"widget\" data-e-type=\"widget\" data-widget_type=\"text-editor.default\">\n\t\t\t\t<div class=\"elementor-widget-container\">\n\t\t\t\t\t\t\t\t\t<p>Una parte clave de este esfuerzo fue la <strong>Encuesta de Mesa de Cocina<\/strong>, que brind\u00f3 a los estudiantes, familias, educadores y miembros de la comunidad de DPS una plataforma para compartir sus puntos de vista sobre la junta escolar, la calidad de la educaci\u00f3n y qu\u00e9 temas son m\u00e1s importantes. Las encuestas se realizaron tanto en l\u00ednea como en persona a trav\u00e9s de asociaciones escolares y comunitarias. <\/p>\t\t\t\t\t\t\t\t<\/div>\n\t\t\t\t<\/div>\n\t\t\t\t<div class=\"elementor-element elementor-element-9a2eed6 elementor-widget elementor-widget-image\" data-id=\"9a2eed6\" data-element_type=\"widget\" data-e-type=\"widget\" data-widget_type=\"image.default\">\n\t\t\t\t<div class=\"elementor-widget-container\">\n\t\t\t\t\t\t\t\t\t\t\t\t\t\t\t<img loading=\"lazy\" decoding=\"async\" width=\"266\" height=\"15\" src=\"https:\/\/denverfamilies.org\/wp-content\/uploads\/2025\/02\/yellow-line.svg\" class=\"attachment-full size-full wp-image-3431\" alt=\"\" \/>\t\t\t\t\t\t\t\t\t\t\t\t\t\t\t<\/div>\n\t\t\t\t<\/div>\n\t\t\t\t<div class=\"elementor-element elementor-element-17c596b elementor-align-left elementor-widget__width-auto elementor-widget elementor-widget-button\" data-id=\"17c596b\" data-element_type=\"widget\" data-e-type=\"widget\" data-widget_type=\"button.default\">\n\t\t\t\t<div class=\"elementor-widget-container\">\n\t\t\t\t\t\t\t\t\t<div class=\"elementor-button-wrapper\">\n\t\t\t\t\t<a class=\"elementor-button elementor-button-link elementor-size-sm\" href=\"https:\/\/denverfamilies.org\/es\/campana-de-escucha\/#survey-results\">\n\t\t\t\t\t\t<span class=\"elementor-button-content-wrapper\">\n\t\t\t\t\t\t<span class=\"elementor-button-icon\">\n\t\t\t\t<svg xmlns=\"http:\/\/www.w3.org\/2000\/svg\" xmlns:xlink=\"http:\/\/www.w3.org\/1999\/xlink\" width=\"15.041\" height=\"17.149\" viewBox=\"0 0 15.041 17.149\"><defs><clipPath id=\"clip-path\"><rect id=\"Rectangle_1424\" data-name=\"Rectangle 1424\" width=\"17.149\" height=\"15.041\" fill=\"#4d3904\"><\/rect><\/clipPath><\/defs><g id=\"Group_340\" data-name=\"Group 340\" transform=\"translate(0 17.149) rotate(-90)\"><g id=\"Group_239\" data-name=\"Group 239\" transform=\"translate(0 0)\" clip-path=\"url(#clip-path)\"><path id=\"Path_1234\" data-name=\"Path 1234\" d=\"M16.932,0a20.362,20.362,0,0,0-8.2,3.841.257.257,0,0,1-.317,0A20.366,20.366,0,0,0,.217,0,.18.18,0,0,0,.074.326,21.242,21.242,0,0,1,5.746,6.7,20.992,20.992,0,0,1,8.435,14.82c.006.053.011.106.017.159a.153.153,0,0,0,.245,0c.006-.052.011-.106.017-.159A20.979,20.979,0,0,1,11.4,6.7,21.219,21.219,0,0,1,17.076.326.18.18,0,0,0,16.932,0\" transform=\"translate(0 0)\" fill=\"#4d3904\"><\/path><\/g><\/g><\/svg>\t\t\t<\/span>\n\t\t\t\t\t\t\t\t\t<span class=\"elementor-button-text\">M\u00c1S INFORMACI\u00d3N<\/span>\n\t\t\t\t\t<\/span>\n\t\t\t\t\t<\/a>\n\t\t\t\t<\/div>\n\t\t\t\t\t\t\t\t<\/div>\n\t\t\t\t<\/div>\n\t\t\t\t<div class=\"elementor-element elementor-element-23bce55 elementor-widget elementor-widget-spacer\" data-id=\"23bce55\" data-element_type=\"widget\" data-e-type=\"widget\" data-widget_type=\"spacer.default\">\n\t\t\t\t<div class=\"elementor-widget-container\">\n\t\t\t\t\t\t\t<div class=\"elementor-spacer\">\n\t\t\t<div class=\"elementor-spacer-inner\"><\/div>\n\t\t<\/div>\n\t\t\t\t\t\t<\/div>\n\t\t\t\t<\/div>\n\t\t\t\t<div class=\"elementor-element elementor-element-00608e6 elementor-widget elementor-widget-image\" data-id=\"00608e6\" data-element_type=\"widget\" data-e-type=\"widget\" data-widget_type=\"image.default\">\n\t\t\t\t<div class=\"elementor-widget-container\">\n\t\t\t\t\t\t\t\t\t\t\t\t\t\t\t<img loading=\"lazy\" decoding=\"async\" width=\"900\" height=\"600\" src=\"https:\/\/denverfamilies.org\/wp-content\/uploads\/2025\/07\/kitchen-table-survey.jpg\" class=\"attachment-full size-full wp-image-3555\" alt=\"\" srcset=\"https:\/\/denverfamilies.org\/wp-content\/uploads\/2025\/07\/kitchen-table-survey.jpg 900w, https:\/\/denverfamilies.org\/wp-content\/uploads\/2025\/07\/kitchen-table-survey-300x200.jpg 300w, https:\/\/denverfamilies.org\/wp-content\/uploads\/2025\/07\/kitchen-table-survey-768x512.jpg 768w\" sizes=\"(max-width: 900px) 100vw, 900px\" \/>\t\t\t\t\t\t\t\t\t\t\t\t\t\t\t<\/div>\n\t\t\t\t<\/div>\n\t\t\t\t<\/div>\n\t\t<div class=\"elementor-element elementor-element-97b2164 e-con-full listening-list-box e-flex e-con e-child\" data-id=\"97b2164\" data-element_type=\"container\" data-e-type=\"container\" data-settings=\"{&quot;background_background&quot;:&quot;classic&quot;}\">\n\t\t\t\t<div class=\"elementor-element elementor-element-e0f33f6 elementor-widget elementor-widget-heading\" data-id=\"e0f33f6\" data-element_type=\"widget\" data-e-type=\"widget\" data-widget_type=\"heading.default\">\n\t\t\t\t<div class=\"elementor-widget-container\">\n\t\t\t\t\t<h4 class=\"elementor-heading-title elementor-size-default\">APRENDER<\/h4>\t\t\t\t<\/div>\n\t\t\t\t<\/div>\n\t\t\t\t<div class=\"elementor-element elementor-element-3c21da9 elementor-widget elementor-widget-text-editor\" data-id=\"3c21da9\" data-element_type=\"widget\" data-e-type=\"widget\" data-widget_type=\"text-editor.default\">\n\t\t\t\t<div class=\"elementor-widget-container\">\n\t\t\t\t\t\t\t\t\t<p>Complementando esto estaba el <strong>programa LEARN: una iniciativa de captaci\u00f3n puerta a puerta remunerada<\/strong> que gener\u00f3 conversaciones sobre educaci\u00f3n p\u00fablica y foment\u00f3 la defensa de la comunidad. LEARN ayud\u00f3 a conectar las comunidades escolares con el p\u00fablico m\u00e1s amplio de Denver, construyendo una visi\u00f3n compartida para el futuro de la educaci\u00f3n. <\/p>\t\t\t\t\t\t\t\t<\/div>\n\t\t\t\t<\/div>\n\t\t\t\t<div class=\"elementor-element elementor-element-f23dce5 elementor-widget elementor-widget-image\" data-id=\"f23dce5\" data-element_type=\"widget\" data-e-type=\"widget\" data-widget_type=\"image.default\">\n\t\t\t\t<div class=\"elementor-widget-container\">\n\t\t\t\t\t\t\t\t\t\t\t\t\t\t\t<img loading=\"lazy\" decoding=\"async\" width=\"266\" height=\"15\" src=\"https:\/\/denverfamilies.org\/wp-content\/uploads\/2025\/02\/yellow-line.svg\" class=\"attachment-full size-full wp-image-3431\" alt=\"\" \/>\t\t\t\t\t\t\t\t\t\t\t\t\t\t\t<\/div>\n\t\t\t\t<\/div>\n\t\t\t\t<div class=\"elementor-element elementor-element-13bd39b elementor-align-left elementor-widget__width-auto elementor-widget elementor-widget-button\" data-id=\"13bd39b\" data-element_type=\"widget\" data-e-type=\"widget\" data-widget_type=\"button.default\">\n\t\t\t\t<div class=\"elementor-widget-container\">\n\t\t\t\t\t\t\t\t\t<div class=\"elementor-button-wrapper\">\n\t\t\t\t\t<a class=\"elementor-button elementor-button-link elementor-size-sm\" href=\"https:\/\/denverfamilies.org\/es\/nuestro-trabajo\/aprenda\/\">\n\t\t\t\t\t\t<span class=\"elementor-button-content-wrapper\">\n\t\t\t\t\t\t<span class=\"elementor-button-icon\">\n\t\t\t\t<svg xmlns=\"http:\/\/www.w3.org\/2000\/svg\" xmlns:xlink=\"http:\/\/www.w3.org\/1999\/xlink\" width=\"15.041\" height=\"17.149\" viewBox=\"0 0 15.041 17.149\"><defs><clipPath id=\"clip-path\"><rect id=\"Rectangle_1424\" data-name=\"Rectangle 1424\" width=\"17.149\" height=\"15.041\" fill=\"#4d3904\"><\/rect><\/clipPath><\/defs><g id=\"Group_340\" data-name=\"Group 340\" transform=\"translate(0 17.149) rotate(-90)\"><g id=\"Group_239\" data-name=\"Group 239\" transform=\"translate(0 0)\" clip-path=\"url(#clip-path)\"><path id=\"Path_1234\" data-name=\"Path 1234\" d=\"M16.932,0a20.362,20.362,0,0,0-8.2,3.841.257.257,0,0,1-.317,0A20.366,20.366,0,0,0,.217,0,.18.18,0,0,0,.074.326,21.242,21.242,0,0,1,5.746,6.7,20.992,20.992,0,0,1,8.435,14.82c.006.053.011.106.017.159a.153.153,0,0,0,.245,0c.006-.052.011-.106.017-.159A20.979,20.979,0,0,1,11.4,6.7,21.219,21.219,0,0,1,17.076.326.18.18,0,0,0,16.932,0\" transform=\"translate(0 0)\" fill=\"#4d3904\"><\/path><\/g><\/g><\/svg>\t\t\t<\/span>\n\t\t\t\t\t\t\t\t\t<span class=\"elementor-button-text\">M\u00c1S INFORMACI\u00d3N<\/span>\n\t\t\t\t\t<\/span>\n\t\t\t\t\t<\/a>\n\t\t\t\t<\/div>\n\t\t\t\t\t\t\t\t<\/div>\n\t\t\t\t<\/div>\n\t\t\t\t<div class=\"elementor-element elementor-element-6b41e71 elementor-widget elementor-widget-spacer\" data-id=\"6b41e71\" data-element_type=\"widget\" data-e-type=\"widget\" data-widget_type=\"spacer.default\">\n\t\t\t\t<div class=\"elementor-widget-container\">\n\t\t\t\t\t\t\t<div class=\"elementor-spacer\">\n\t\t\t<div class=\"elementor-spacer-inner\"><\/div>\n\t\t<\/div>\n\t\t\t\t\t\t<\/div>\n\t\t\t\t<\/div>\n\t\t\t\t<div class=\"elementor-element elementor-element-1a11c6c elementor-widget elementor-widget-image\" data-id=\"1a11c6c\" data-element_type=\"widget\" data-e-type=\"widget\" data-widget_type=\"image.default\">\n\t\t\t\t<div class=\"elementor-widget-container\">\n\t\t\t\t\t\t\t\t\t\t\t\t\t\t\t<img loading=\"lazy\" decoding=\"async\" width=\"540\" height=\"424\" src=\"https:\/\/denverfamilies.org\/wp-content\/uploads\/2025\/07\/LEARN-program.jpg\" class=\"attachment-full size-full wp-image-3434\" alt=\"Programa LEARN\" srcset=\"https:\/\/denverfamilies.org\/wp-content\/uploads\/2025\/07\/LEARN-program.jpg 540w, https:\/\/denverfamilies.org\/wp-content\/uploads\/2025\/07\/LEARN-program-300x236.jpg 300w\" sizes=\"(max-width: 540px) 100vw, 540px\" \/>\t\t\t\t\t\t\t\t\t\t\t\t\t\t\t<\/div>\n\t\t\t\t<\/div>\n\t\t\t\t<\/div>\n\t\t\t\t<\/div>\n\t\t\t\t\t<\/div>\n\t\t\t\t<\/div>\n\t\t<div class=\"elementor-element elementor-element-9bd46b0 e-flex e-con-boxed e-con e-parent\" data-id=\"9bd46b0\" data-element_type=\"container\" data-e-type=\"container\" data-settings=\"{&quot;background_background&quot;:&quot;classic&quot;}\">\n\t\t\t\t\t<div class=\"e-con-inner\">\n\t\t\t\t<div class=\"elementor-element elementor-element-4227f5a elementor-widget elementor-widget-heading\" data-id=\"4227f5a\" data-element_type=\"widget\" data-e-type=\"widget\" data-widget_type=\"heading.default\">\n\t\t\t\t<div class=\"elementor-widget-container\">\n\t\t\t\t\t<h2 class=\"elementor-heading-title elementor-size-default\">Asociaci\u00f3n<\/h2>\t\t\t\t<\/div>\n\t\t\t\t<\/div>\n\t\t\t\t<div class=\"elementor-element elementor-element-daee840 elementor-widget elementor-widget-text-editor\" data-id=\"daee840\" data-element_type=\"widget\" data-e-type=\"widget\" data-widget_type=\"text-editor.default\">\n\t\t\t\t<div class=\"elementor-widget-container\">\n\t\t\t\t\t\t\t\t\t<p>Conectamos a familias, educadores y miembros de la comunidad con las personas, los sistemas y las estructuras que componen el panorama de la educaci\u00f3n p\u00fablica de Denver, creando nuevas formas para que participen en la defensa y el liderazgo de la educaci\u00f3n.<\/p>\t\t\t\t\t\t\t\t<\/div>\n\t\t\t\t<\/div>\n\t\t\t\t<div class=\"elementor-element elementor-element-ef79f8e elementor-widget elementor-widget-text-editor\" data-id=\"ef79f8e\" data-element_type=\"widget\" data-e-type=\"widget\" data-widget_type=\"text-editor.default\">\n\t\t\t\t<div class=\"elementor-widget-container\">\n\t\t\t\t\t\t\t\t\t<p>A trav\u00e9s de este trabajo, cultivamos una red duradera de defensores y responsables de la formulaci\u00f3n de pol\u00edticas que influir\u00e1n en el futuro de la educaci\u00f3n p\u00fablica en Denver. Al fomentar las asociaciones y la colaboraci\u00f3n, nuestro trabajo crea las condiciones para que las partes interesadas clave reimaginen, innoven y ampl\u00eden el acceso a escuelas p\u00fablicas de alta calidad. <\/p>\t\t\t\t\t\t\t\t<\/div>\n\t\t\t\t<\/div>\n\t\t<div class=\"elementor-element elementor-element-39b7ac1 e-grid listening-list e-con-full e-con e-child\" data-id=\"39b7ac1\" data-element_type=\"container\" data-e-type=\"container\">\n\t\t<div class=\"elementor-element elementor-element-9f70229 e-con-full listening-list-box e-flex e-con e-child\" data-id=\"9f70229\" data-element_type=\"container\" data-e-type=\"container\" data-settings=\"{&quot;background_background&quot;:&quot;classic&quot;}\">\n\t\t\t\t<div class=\"elementor-element elementor-element-fed2da6 elementor-widget elementor-widget-heading\" data-id=\"fed2da6\" data-element_type=\"widget\" data-e-type=\"widget\" data-widget_type=\"heading.default\">\n\t\t\t\t<div class=\"elementor-widget-container\">\n\t\t\t\t\t<h4 class=\"elementor-heading-title elementor-size-default\">Embajadores de defensa<\/h4>\t\t\t\t<\/div>\n\t\t\t\t<\/div>\n\t\t\t\t<div class=\"elementor-element elementor-element-fc46d1c elementor-widget elementor-widget-text-editor\" data-id=\"fc46d1c\" data-element_type=\"widget\" data-e-type=\"widget\" data-widget_type=\"text-editor.default\">\n\t\t\t\t<div class=\"elementor-widget-container\">\n\t\t\t\t\t\t\t\t\t<p>Embajadores de la Defensa es un programa de seis meses que apoya a los participantes para que se involucren, activen y movilicen a sus comunidades para impulsar pol\u00edticas y liderazgo centrados en los estudiantes en la educaci\u00f3n.<\/p>\t\t\t\t\t\t\t\t<\/div>\n\t\t\t\t<\/div>\n\t\t\t\t<div class=\"elementor-element elementor-element-6327722 elementor-widget elementor-widget-image\" data-id=\"6327722\" data-element_type=\"widget\" data-e-type=\"widget\" data-widget_type=\"image.default\">\n\t\t\t\t<div class=\"elementor-widget-container\">\n\t\t\t\t\t\t\t\t\t\t\t\t\t\t\t<img loading=\"lazy\" decoding=\"async\" width=\"432\" height=\"13\" src=\"https:\/\/denverfamilies.org\/wp-content\/uploads\/2025\/02\/wave-4.svg\" class=\"attachment-full size-full wp-image-3551\" alt=\"\" \/>\t\t\t\t\t\t\t\t\t\t\t\t\t\t\t<\/div>\n\t\t\t\t<\/div>\n\t\t\t\t<div class=\"elementor-element elementor-element-c92a5e7 elementor-align-left elementor-widget__width-auto elementor-widget elementor-widget-button\" data-id=\"c92a5e7\" data-element_type=\"widget\" data-e-type=\"widget\" data-widget_type=\"button.default\">\n\t\t\t\t<div class=\"elementor-widget-container\">\n\t\t\t\t\t\t\t\t\t<div class=\"elementor-button-wrapper\">\n\t\t\t\t\t<a class=\"elementor-button elementor-button-link elementor-size-sm\" href=\"https:\/\/denverfamilies.org\/es\/nuestro-trabajo\/advocacy-ambassadors\/\">\n\t\t\t\t\t\t<span class=\"elementor-button-content-wrapper\">\n\t\t\t\t\t\t<span class=\"elementor-button-icon\">\n\t\t\t\t<svg xmlns=\"http:\/\/www.w3.org\/2000\/svg\" xmlns:xlink=\"http:\/\/www.w3.org\/1999\/xlink\" width=\"15.041\" height=\"17.149\" viewBox=\"0 0 15.041 17.149\"><defs><clipPath id=\"clip-path\"><rect id=\"Rectangle_1424\" data-name=\"Rectangle 1424\" width=\"17.149\" height=\"15.041\" fill=\"#224228\"><\/rect><\/clipPath><\/defs><g id=\"Group_337\" data-name=\"Group 337\" transform=\"translate(0 17.149) rotate(-90)\"><g id=\"Group_239\" data-name=\"Group 239\" transform=\"translate(0 0)\" clip-path=\"url(#clip-path)\"><path id=\"Path_1234\" data-name=\"Path 1234\" d=\"M16.932,0a20.362,20.362,0,0,0-8.2,3.841.257.257,0,0,1-.317,0A20.366,20.366,0,0,0,.217,0,.18.18,0,0,0,.074.326,21.242,21.242,0,0,1,5.746,6.7,20.992,20.992,0,0,1,8.435,14.82c.006.053.011.106.017.159a.153.153,0,0,0,.245,0c.006-.052.011-.106.017-.159A20.979,20.979,0,0,1,11.4,6.7,21.219,21.219,0,0,1,17.076.326.18.18,0,0,0,16.932,0\" transform=\"translate(0 0)\" fill=\"#224228\"><\/path><\/g><\/g><\/svg>\t\t\t<\/span>\n\t\t\t\t\t\t\t\t\t<span class=\"elementor-button-text\">M\u00c1S INFORMACI\u00d3N<\/span>\n\t\t\t\t\t<\/span>\n\t\t\t\t\t<\/a>\n\t\t\t\t<\/div>\n\t\t\t\t\t\t\t\t<\/div>\n\t\t\t\t<\/div>\n\t\t\t\t<div class=\"elementor-element elementor-element-f73aec0 elementor-widget elementor-widget-spacer\" data-id=\"f73aec0\" data-element_type=\"widget\" data-e-type=\"widget\" data-widget_type=\"spacer.default\">\n\t\t\t\t<div class=\"elementor-widget-container\">\n\t\t\t\t\t\t\t<div class=\"elementor-spacer\">\n\t\t\t<div class=\"elementor-spacer-inner\"><\/div>\n\t\t<\/div>\n\t\t\t\t\t\t<\/div>\n\t\t\t\t<\/div>\n\t\t\t\t<div class=\"elementor-element elementor-element-bb32faa elementor-widget elementor-widget-image\" data-id=\"bb32faa\" data-element_type=\"widget\" data-e-type=\"widget\" data-widget_type=\"image.default\">\n\t\t\t\t<div class=\"elementor-widget-container\">\n\t\t\t\t\t\t\t\t\t\t\t\t\t\t\t<img loading=\"lazy\" decoding=\"async\" width=\"540\" height=\"424\" src=\"https:\/\/denverfamilies.org\/wp-content\/uploads\/2025\/02\/Advocacy-Ambassadors-min.png\" class=\"attachment-full size-full wp-image-3437\" alt=\"\" srcset=\"https:\/\/denverfamilies.org\/wp-content\/uploads\/2025\/02\/Advocacy-Ambassadors-min.png 540w, https:\/\/denverfamilies.org\/wp-content\/uploads\/2025\/02\/Advocacy-Ambassadors-min-300x236.png 300w\" sizes=\"(max-width: 540px) 100vw, 540px\" \/>\t\t\t\t\t\t\t\t\t\t\t\t\t\t\t<\/div>\n\t\t\t\t<\/div>\n\t\t\t\t<\/div>\n\t\t<div class=\"elementor-element elementor-element-c530ea1 e-con-full listening-list-box e-flex e-con e-child\" data-id=\"c530ea1\" data-element_type=\"container\" data-e-type=\"container\" data-settings=\"{&quot;background_background&quot;:&quot;classic&quot;}\">\n\t\t\t\t<div class=\"elementor-element elementor-element-f7e15cd elementor-widget elementor-widget-heading\" data-id=\"f7e15cd\" data-element_type=\"widget\" data-e-type=\"widget\" data-widget_type=\"heading.default\">\n\t\t\t\t<div class=\"elementor-widget-container\">\n\t\t\t\t\t<h4 class=\"elementor-heading-title elementor-size-default\">LEAD 101<\/h4>\t\t\t\t<\/div>\n\t\t\t\t<\/div>\n\t\t\t\t<div class=\"elementor-element elementor-element-b044e63 elementor-widget elementor-widget-text-editor\" data-id=\"b044e63\" data-element_type=\"widget\" data-e-type=\"widget\" data-widget_type=\"text-editor.default\">\n\t\t\t\t<div class=\"elementor-widget-container\">\n\t\t\t\t\t\t\t\t\t<p>L\u00edderes para la Defensa de la Educaci\u00f3n en Denver (LEAD) es un taller de dos d\u00edas que re\u00fane a un grupo diverso de miembros de la comunidad impulsados por valores que est\u00e1n interesados en ampliar sus conocimientos sobre el panorama de DPS y explorar diferentes caminos que pueden tomar como LEADers.<\/p>\t\t\t\t\t\t\t\t<\/div>\n\t\t\t\t<\/div>\n\t\t\t\t<div class=\"elementor-element elementor-element-429a1ad elementor-widget elementor-widget-image\" data-id=\"429a1ad\" data-element_type=\"widget\" data-e-type=\"widget\" data-widget_type=\"image.default\">\n\t\t\t\t<div class=\"elementor-widget-container\">\n\t\t\t\t\t\t\t\t\t\t\t\t\t\t\t<img loading=\"lazy\" decoding=\"async\" width=\"432\" height=\"13\" src=\"https:\/\/denverfamilies.org\/wp-content\/uploads\/2025\/02\/wave-4.svg\" class=\"attachment-full size-full wp-image-3551\" alt=\"\" \/>\t\t\t\t\t\t\t\t\t\t\t\t\t\t\t<\/div>\n\t\t\t\t<\/div>\n\t\t\t\t<div class=\"elementor-element elementor-element-3c2840e elementor-align-left elementor-widget__width-auto elementor-widget elementor-widget-button\" data-id=\"3c2840e\" data-element_type=\"widget\" data-e-type=\"widget\" data-widget_type=\"button.default\">\n\t\t\t\t<div class=\"elementor-widget-container\">\n\t\t\t\t\t\t\t\t\t<div class=\"elementor-button-wrapper\">\n\t\t\t\t\t<a class=\"elementor-button elementor-button-link elementor-size-sm\" href=\"https:\/\/denverfamilies.org\/es\/nuestro-trabajo\/lead-101\/\">\n\t\t\t\t\t\t<span class=\"elementor-button-content-wrapper\">\n\t\t\t\t\t\t<span class=\"elementor-button-icon\">\n\t\t\t\t<svg xmlns=\"http:\/\/www.w3.org\/2000\/svg\" xmlns:xlink=\"http:\/\/www.w3.org\/1999\/xlink\" width=\"15.041\" height=\"17.149\" viewBox=\"0 0 15.041 17.149\"><defs><clipPath id=\"clip-path\"><rect id=\"Rectangle_1424\" data-name=\"Rectangle 1424\" width=\"17.149\" height=\"15.041\" fill=\"#224228\"><\/rect><\/clipPath><\/defs><g id=\"Group_337\" data-name=\"Group 337\" transform=\"translate(0 17.149) rotate(-90)\"><g id=\"Group_239\" data-name=\"Group 239\" transform=\"translate(0 0)\" clip-path=\"url(#clip-path)\"><path id=\"Path_1234\" data-name=\"Path 1234\" d=\"M16.932,0a20.362,20.362,0,0,0-8.2,3.841.257.257,0,0,1-.317,0A20.366,20.366,0,0,0,.217,0,.18.18,0,0,0,.074.326,21.242,21.242,0,0,1,5.746,6.7,20.992,20.992,0,0,1,8.435,14.82c.006.053.011.106.017.159a.153.153,0,0,0,.245,0c.006-.052.011-.106.017-.159A20.979,20.979,0,0,1,11.4,6.7,21.219,21.219,0,0,1,17.076.326.18.18,0,0,0,16.932,0\" transform=\"translate(0 0)\" fill=\"#224228\"><\/path><\/g><\/g><\/svg>\t\t\t<\/span>\n\t\t\t\t\t\t\t\t\t<span class=\"elementor-button-text\">M\u00c1S INFORMACI\u00d3N<\/span>\n\t\t\t\t\t<\/span>\n\t\t\t\t\t<\/a>\n\t\t\t\t<\/div>\n\t\t\t\t\t\t\t\t<\/div>\n\t\t\t\t<\/div>\n\t\t\t\t<div class=\"elementor-element elementor-element-13ab4c1 elementor-widget elementor-widget-spacer\" data-id=\"13ab4c1\" data-element_type=\"widget\" data-e-type=\"widget\" data-widget_type=\"spacer.default\">\n\t\t\t\t<div class=\"elementor-widget-container\">\n\t\t\t\t\t\t\t<div class=\"elementor-spacer\">\n\t\t\t<div class=\"elementor-spacer-inner\"><\/div>\n\t\t<\/div>\n\t\t\t\t\t\t<\/div>\n\t\t\t\t<\/div>\n\t\t\t\t<div class=\"elementor-element elementor-element-2b1035e elementor-widget elementor-widget-image\" data-id=\"2b1035e\" data-element_type=\"widget\" data-e-type=\"widget\" data-widget_type=\"image.default\">\n\t\t\t\t<div class=\"elementor-widget-container\">\n\t\t\t\t\t\t\t\t\t\t\t\t\t\t\t<img loading=\"lazy\" decoding=\"async\" width=\"540\" height=\"424\" src=\"https:\/\/denverfamilies.org\/wp-content\/uploads\/2025\/02\/LEAD-101-min.png\" class=\"attachment-full size-full wp-image-3438\" alt=\"\" srcset=\"https:\/\/denverfamilies.org\/wp-content\/uploads\/2025\/02\/LEAD-101-min.png 540w, https:\/\/denverfamilies.org\/wp-content\/uploads\/2025\/02\/LEAD-101-min-300x236.png 300w\" sizes=\"(max-width: 540px) 100vw, 540px\" \/>\t\t\t\t\t\t\t\t\t\t\t\t\t\t\t<\/div>\n\t\t\t\t<\/div>\n\t\t\t\t<\/div>\n\t\t\t\t<\/div>\n\t\t\t\t\t<\/div>\n\t\t\t\t<\/div>\n\t\t\t\t<section class=\"elementor-section elementor-top-section elementor-element elementor-element-2b55d93 mobile-bg-hide elementor-section-boxed elementor-section-height-default elementor-section-height-default\" data-id=\"2b55d93\" data-element_type=\"section\" data-e-type=\"section\" data-settings=\"{&quot;background_background&quot;:&quot;classic&quot;}\">\n\t\t\t\t\t\t\t<div class=\"elementor-background-overlay\"><\/div>\n\t\t\t\t\t\t\t<div class=\"elementor-container elementor-column-gap-default\">\n\t\t\t\t\t<div class=\"elementor-column elementor-col-100 elementor-top-column elementor-element elementor-element-194d90e\" data-id=\"194d90e\" data-element_type=\"column\" data-e-type=\"column\">\n\t\t\t<div class=\"elementor-widget-wrap elementor-element-populated\">\n\t\t\t\t\t\t<div class=\"elementor-element elementor-element-dfaa88f elementor-widget elementor-widget-heading\" data-id=\"dfaa88f\" data-element_type=\"widget\" data-e-type=\"widget\" data-widget_type=\"heading.default\">\n\t\t\t\t<div class=\"elementor-widget-container\">\n\t\t\t\t\t<h2 class=\"elementor-heading-title elementor-size-default\">Inversi\u00f3n<\/h2>\t\t\t\t<\/div>\n\t\t\t\t<\/div>\n\t\t\t\t<div class=\"elementor-element elementor-element-8c819e6 elementor-widget elementor-widget-text-editor\" data-id=\"8c819e6\" data-element_type=\"widget\" data-e-type=\"widget\" data-widget_type=\"text-editor.default\">\n\t\t\t\t<div class=\"elementor-widget-container\">\n\t\t\t\t\t\t\t\t\t<p>Invertimos y colaboramos con escuelas, organizaciones comunitarias e iniciativas que responden directamente a lo que las familias de Denver quieren y necesitan. Al apoyar un liderazgo escolar s\u00f3lido, pol\u00edticas eficaces y socios comunitarios alineados con la misi\u00f3n, ayudamos a garantizar que todos los estudiantes, independientemente de sus antecedentes, puedan prosperar en escuelas p\u00fablicas excelentes y receptivas. <\/p>\t\t\t\t\t\t\t\t<\/div>\n\t\t\t\t<\/div>\n\t\t\t\t<div class=\"elementor-element elementor-element-a154ded elementor-widget elementor-widget-spacer\" data-id=\"a154ded\" data-element_type=\"widget\" data-e-type=\"widget\" data-widget_type=\"spacer.default\">\n\t\t\t\t<div class=\"elementor-widget-container\">\n\t\t\t\t\t\t\t<div class=\"elementor-spacer\">\n\t\t\t<div class=\"elementor-spacer-inner\"><\/div>\n\t\t<\/div>\n\t\t\t\t\t\t<\/div>\n\t\t\t\t<\/div>\n\t\t<div class=\"elementor-element elementor-element-d5bb7ea e-grid listening-list e-con-boxed e-con e-parent\" data-id=\"d5bb7ea\" data-element_type=\"container\" data-e-type=\"container\">\n\t\t\t\t\t<div class=\"e-con-inner\">\n\t\t<div class=\"elementor-element elementor-element-e008672 e-con-full listening-list-box e-flex e-con e-child\" data-id=\"e008672\" data-element_type=\"container\" data-e-type=\"container\" data-settings=\"{&quot;background_background&quot;:&quot;classic&quot;}\">\n\t\t\t\t<div class=\"elementor-element elementor-element-08d2307 elementor-widget elementor-widget-heading\" data-id=\"08d2307\" data-element_type=\"widget\" data-e-type=\"widget\" data-widget_type=\"heading.default\">\n\t\t\t\t<div class=\"elementor-widget-container\">\n\t\t\t\t\t<h4 class=\"elementor-heading-title elementor-size-default\">Escuelas p\u00fablicas receptivas y de alta calidad<\/h4>\t\t\t\t<\/div>\n\t\t\t\t<\/div>\n\t\t\t\t<div class=\"elementor-element elementor-element-f562a43 elementor-widget elementor-widget-text-editor\" data-id=\"f562a43\" data-element_type=\"widget\" data-e-type=\"widget\" data-widget_type=\"text-editor.default\">\n\t\t\t\t<div class=\"elementor-widget-container\">\n\t\t\t\t\t\t\t\t\tDenver Families for Public Schools apoya a las escuelas de alto potencial que reflejan las necesidades de nuestras comunidades locales. Trabajamos para crear las condiciones para que estas escuelas prosperen centr\u00e1ndonos en la defensa, la pol\u00edtica, la transparencia y la colaboraci\u00f3n, especialmente para mejorar los resultados de los estudiantes hist\u00f3ricamente desatendidos. \t\t\t\t\t\t\t\t<\/div>\n\t\t\t\t<\/div>\n\t\t\t\t<div class=\"elementor-element elementor-element-758de31 elementor-widget elementor-widget-image\" data-id=\"758de31\" data-element_type=\"widget\" data-e-type=\"widget\" data-widget_type=\"image.default\">\n\t\t\t\t<div class=\"elementor-widget-container\">\n\t\t\t\t\t\t\t\t\t\t\t\t\t\t\t<img loading=\"lazy\" decoding=\"async\" width=\"262\" height=\"13\" src=\"https:\/\/denverfamilies.org\/wp-content\/uploads\/2025\/02\/wave-2.svg\" class=\"attachment-full size-full wp-image-3505\" alt=\"\" \/>\t\t\t\t\t\t\t\t\t\t\t\t\t\t\t<\/div>\n\t\t\t\t<\/div>\n\t\t\t\t<div class=\"elementor-element elementor-element-75bb65e elementor-align-left elementor-widget__width-auto elementor-widget elementor-widget-button\" data-id=\"75bb65e\" data-element_type=\"widget\" data-e-type=\"widget\" data-widget_type=\"button.default\">\n\t\t\t\t<div class=\"elementor-widget-container\">\n\t\t\t\t\t\t\t\t\t<div class=\"elementor-button-wrapper\">\n\t\t\t\t\t<a class=\"elementor-button elementor-button-link elementor-size-sm\" href=\"https:\/\/denverfamilies.org\/es\/nuestro-trabajo\/escuelas-publicas-receptivas-y-de-alta-calidad\/\">\n\t\t\t\t\t\t<span class=\"elementor-button-content-wrapper\">\n\t\t\t\t\t\t<span class=\"elementor-button-icon\">\n\t\t\t\t<svg xmlns=\"http:\/\/www.w3.org\/2000\/svg\" xmlns:xlink=\"http:\/\/www.w3.org\/1999\/xlink\" width=\"15.041\" height=\"17.149\" viewBox=\"0 0 15.041 17.149\"><defs><clipPath id=\"clip-path\"><rect id=\"Rectangle_1424\" data-name=\"Rectangle 1424\" width=\"17.149\" height=\"15.041\" fill=\"#6159a8\"><\/rect><\/clipPath><\/defs><g id=\"Group_338\" data-name=\"Group 338\" transform=\"translate(0 17.149) rotate(-90)\"><g id=\"Group_239\" data-name=\"Group 239\" transform=\"translate(0 0)\" clip-path=\"url(#clip-path)\"><path id=\"Path_1234\" data-name=\"Path 1234\" d=\"M16.932,0a20.362,20.362,0,0,0-8.2,3.841.257.257,0,0,1-.317,0A20.366,20.366,0,0,0,.217,0,.18.18,0,0,0,.074.326,21.242,21.242,0,0,1,5.746,6.7,20.992,20.992,0,0,1,8.435,14.82c.006.053.011.106.017.159a.153.153,0,0,0,.245,0c.006-.052.011-.106.017-.159A20.979,20.979,0,0,1,11.4,6.7,21.219,21.219,0,0,1,17.076.326.18.18,0,0,0,16.932,0\" transform=\"translate(0 0)\" fill=\"#6159a8\"><\/path><\/g><\/g><\/svg>\t\t\t<\/span>\n\t\t\t\t\t\t\t\t\t<span class=\"elementor-button-text\">M\u00c1S INFORMACI\u00d3N<\/span>\n\t\t\t\t\t<\/span>\n\t\t\t\t\t<\/a>\n\t\t\t\t<\/div>\n\t\t\t\t\t\t\t\t<\/div>\n\t\t\t\t<\/div>\n\t\t\t\t<div class=\"elementor-element elementor-element-30de7e6 elementor-widget elementor-widget-spacer\" data-id=\"30de7e6\" data-element_type=\"widget\" data-e-type=\"widget\" data-widget_type=\"spacer.default\">\n\t\t\t\t<div class=\"elementor-widget-container\">\n\t\t\t\t\t\t\t<div class=\"elementor-spacer\">\n\t\t\t<div class=\"elementor-spacer-inner\"><\/div>\n\t\t<\/div>\n\t\t\t\t\t\t<\/div>\n\t\t\t\t<\/div>\n\t\t\t\t<div class=\"elementor-element elementor-element-98e1e1b elementor-widget elementor-widget-image\" data-id=\"98e1e1b\" data-element_type=\"widget\" data-e-type=\"widget\" data-widget_type=\"image.default\">\n\t\t\t\t<div class=\"elementor-widget-container\">\n\t\t\t\t\t\t\t\t\t\t\t\t\t\t\t<img loading=\"lazy\" decoding=\"async\" width=\"800\" height=\"533\" src=\"https:\/\/denverfamilies.org\/wp-content\/uploads\/2025\/08\/DDES-2024.jpg\" class=\"attachment-full size-full wp-image-3556\" alt=\"ni\u00f1os peque\u00f1os en el aula\" srcset=\"https:\/\/denverfamilies.org\/wp-content\/uploads\/2025\/08\/DDES-2024.jpg 800w, https:\/\/denverfamilies.org\/wp-content\/uploads\/2025\/08\/DDES-2024-300x200.jpg 300w, https:\/\/denverfamilies.org\/wp-content\/uploads\/2025\/08\/DDES-2024-768x512.jpg 768w\" sizes=\"(max-width: 800px) 100vw, 800px\" \/>\t\t\t\t\t\t\t\t\t\t\t\t\t\t\t<\/div>\n\t\t\t\t<\/div>\n\t\t\t\t<\/div>\n\t\t<div class=\"elementor-element elementor-element-2b4e2f0 e-con-full listening-list-box e-flex e-con e-child\" data-id=\"2b4e2f0\" data-element_type=\"container\" data-e-type=\"container\" data-settings=\"{&quot;background_background&quot;:&quot;classic&quot;}\">\n\t\t\t\t<div class=\"elementor-element elementor-element-d86e36d elementor-widget elementor-widget-heading\" data-id=\"d86e36d\" data-element_type=\"widget\" data-e-type=\"widget\" data-widget_type=\"heading.default\">\n\t\t\t\t<div class=\"elementor-widget-container\">\n\t\t\t\t\t<h4 class=\"elementor-heading-title elementor-size-default\">Subvenciones escolares y comunitarias<\/h4>\t\t\t\t<\/div>\n\t\t\t\t<\/div>\n\t\t\t\t<div class=\"elementor-element elementor-element-e5d1fe2 elementor-widget elementor-widget-text-editor\" data-id=\"e5d1fe2\" data-element_type=\"widget\" data-e-type=\"widget\" data-widget_type=\"text-editor.default\">\n\t\t\t\t<div class=\"elementor-widget-container\">\n\t\t\t\t\t\t\t\t\t<p>Denver Families for Public Schools ofrece subvenciones solo por invitaci\u00f3n para apoyar a las escuelas y organizaciones comunitarias que impulsan pol\u00edticas y cambios en los sistemas para promover la equidad educativa en Denver. Se da prioridad a la financiaci\u00f3n de iniciativas alineadas con nuestras \u00e1reas de enfoque de la <a href=\"https:\/\/denverfamilies.org\/es\/plataforma-politica\/\">Plataforma Pol\u00edtica<\/a>. <\/p>\t\t\t\t\t\t\t\t<\/div>\n\t\t\t\t<\/div>\n\t\t\t\t<div class=\"elementor-element elementor-element-e5ed679 elementor-widget elementor-widget-image\" data-id=\"e5ed679\" data-element_type=\"widget\" data-e-type=\"widget\" data-widget_type=\"image.default\">\n\t\t\t\t<div class=\"elementor-widget-container\">\n\t\t\t\t\t\t\t\t\t\t\t\t\t\t\t<img loading=\"lazy\" decoding=\"async\" width=\"262\" height=\"13\" src=\"https:\/\/denverfamilies.org\/wp-content\/uploads\/2025\/02\/wave-2.svg\" class=\"attachment-full size-full wp-image-3505\" alt=\"\" \/>\t\t\t\t\t\t\t\t\t\t\t\t\t\t\t<\/div>\n\t\t\t\t<\/div>\n\t\t\t\t<div class=\"elementor-element elementor-element-24cf00f elementor-align-left elementor-widget__width-auto elementor-widget elementor-widget-button\" data-id=\"24cf00f\" data-element_type=\"widget\" data-e-type=\"widget\" data-widget_type=\"button.default\">\n\t\t\t\t<div class=\"elementor-widget-container\">\n\t\t\t\t\t\t\t\t\t<div class=\"elementor-button-wrapper\">\n\t\t\t\t\t<a class=\"elementor-button elementor-button-link elementor-size-sm\" href=\"https:\/\/denverfamilies.org\/es\/nuestro-trabajo\/subvenciones-escolares-y-comunitarias\/\">\n\t\t\t\t\t\t<span class=\"elementor-button-content-wrapper\">\n\t\t\t\t\t\t<span class=\"elementor-button-icon\">\n\t\t\t\t<svg xmlns=\"http:\/\/www.w3.org\/2000\/svg\" xmlns:xlink=\"http:\/\/www.w3.org\/1999\/xlink\" width=\"15.041\" height=\"17.149\" viewBox=\"0 0 15.041 17.149\"><defs><clipPath id=\"clip-path\"><rect id=\"Rectangle_1424\" data-name=\"Rectangle 1424\" width=\"17.149\" height=\"15.041\" fill=\"#6159a8\"><\/rect><\/clipPath><\/defs><g id=\"Group_338\" data-name=\"Group 338\" transform=\"translate(0 17.149) rotate(-90)\"><g id=\"Group_239\" data-name=\"Group 239\" transform=\"translate(0 0)\" clip-path=\"url(#clip-path)\"><path id=\"Path_1234\" data-name=\"Path 1234\" d=\"M16.932,0a20.362,20.362,0,0,0-8.2,3.841.257.257,0,0,1-.317,0A20.366,20.366,0,0,0,.217,0,.18.18,0,0,0,.074.326,21.242,21.242,0,0,1,5.746,6.7,20.992,20.992,0,0,1,8.435,14.82c.006.053.011.106.017.159a.153.153,0,0,0,.245,0c.006-.052.011-.106.017-.159A20.979,20.979,0,0,1,11.4,6.7,21.219,21.219,0,0,1,17.076.326.18.18,0,0,0,16.932,0\" transform=\"translate(0 0)\" fill=\"#6159a8\"><\/path><\/g><\/g><\/svg>\t\t\t<\/span>\n\t\t\t\t\t\t\t\t\t<span class=\"elementor-button-text\">M\u00c1S INFORMACI\u00d3N<\/span>\n\t\t\t\t\t<\/span>\n\t\t\t\t\t<\/a>\n\t\t\t\t<\/div>\n\t\t\t\t\t\t\t\t<\/div>\n\t\t\t\t<\/div>\n\t\t\t\t<div class=\"elementor-element elementor-element-91235e1 elementor-widget elementor-widget-spacer\" data-id=\"91235e1\" data-element_type=\"widget\" data-e-type=\"widget\" data-widget_type=\"spacer.default\">\n\t\t\t\t<div class=\"elementor-widget-container\">\n\t\t\t\t\t\t\t<div class=\"elementor-spacer\">\n\t\t\t<div class=\"elementor-spacer-inner\"><\/div>\n\t\t<\/div>\n\t\t\t\t\t\t<\/div>\n\t\t\t\t<\/div>\n\t\t\t\t<div class=\"elementor-element elementor-element-735fa18 elementor-widget elementor-widget-image\" data-id=\"735fa18\" data-element_type=\"widget\" data-e-type=\"widget\" data-widget_type=\"image.default\">\n\t\t\t\t<div class=\"elementor-widget-container\">\n\t\t\t\t\t\t\t\t\t\t\t\t\t\t\t<img loading=\"lazy\" decoding=\"async\" width=\"800\" height=\"533\" src=\"https:\/\/denverfamilies.org\/wp-content\/uploads\/2025\/08\/CLCS_GALS.jpg\" class=\"attachment-full size-full wp-image-3557\" alt=\"Estudiantes de secundaria en el aula\" srcset=\"https:\/\/denverfamilies.org\/wp-content\/uploads\/2025\/08\/CLCS_GALS.jpg 800w, https:\/\/denverfamilies.org\/wp-content\/uploads\/2025\/08\/CLCS_GALS-300x200.jpg 300w, https:\/\/denverfamilies.org\/wp-content\/uploads\/2025\/08\/CLCS_GALS-768x512.jpg 768w\" sizes=\"(max-width: 800px) 100vw, 800px\" \/>\t\t\t\t\t\t\t\t\t\t\t\t\t\t\t<\/div>\n\t\t\t\t<\/div>\n\t\t\t\t<\/div>\n\t\t\t\t\t<\/div>\n\t\t\t\t<\/div>\n\t\t\t\t\t<\/div>\n\t\t<\/div>\n\t\t\t\t\t<\/div>\n\t\t<\/section>\n\t\t\t\t<\/div>\n\t\t","protected":false},"excerpt":{"rendered":"<p>Nuestro trabajo Desde 2023, hemos llegado a m\u00e1s de 100.000 personas en todos los barrios de Denver M\u00e1s de 1.200 encuestas Recopiladas dentro de las comunidades escolares de DPS sobre sus principales preocupaciones educativas M\u00e1s de 160 participantes En grupos focales con familias, educadores y exalumnos de DPS en toda la ciudad M\u00e1s de 8.500 [&hellip;]<\/p>\n","protected":false},"author":1,"featured_media":0,"parent":0,"menu_order":0,"comment_status":"closed","ping_status":"closed","template":"elementor_header_footer","meta":{"_acf_changed":false,"inline_featured_image":false,"footnotes":""},"class_list":["post-3550","page","type-page","status-publish","hentry"],"acf":[],"yoast_head":"<!-- This site is optimized with the Yoast SEO plugin v27.3 - https:\/\/yoast.com\/product\/yoast-seo-wordpress\/ -->\n<title>Nuestro trabajo - Denver Families for Public Schools<\/title>\n<meta name=\"robots\" content=\"index, follow, max-snippet:-1, max-image-preview:large, max-video-preview:-1\" \/>\n<link rel=\"canonical\" href=\"https:\/\/denverfamilies.org\/es\/nuestro-trabajo\/\" \/>\n<meta property=\"og:locale\" content=\"es_ES\" \/>\n<meta property=\"og:type\" content=\"article\" \/>\n<meta property=\"og:title\" content=\"Nuestro trabajo - Denver Families for Public Schools\" \/>\n<meta property=\"og:description\" content=\"Nuestro trabajo Desde 2023, hemos llegado a m\u00e1s de 100.000 personas en todos los barrios de Denver M\u00e1s de 1.200 encuestas Recopiladas dentro de las comunidades escolares de DPS sobre sus principales preocupaciones educativas M\u00e1s de 160 participantes En grupos focales con familias, educadores y exalumnos de DPS en toda la ciudad M\u00e1s de 8.500 [&hellip;]\" \/>\n<meta property=\"og:url\" content=\"https:\/\/denverfamilies.org\/es\/nuestro-trabajo\/\" \/>\n<meta property=\"og:site_name\" content=\"Denver Families for Public Schools\" \/>\n<meta property=\"article:publisher\" content=\"https:\/\/www.facebook.com\/DenverFamiliesforPublicSchools\" \/>\n<meta property=\"article:modified_time\" content=\"2025-10-22T19:56:08+00:00\" \/>\n<meta property=\"og:image\" content=\"https:\/\/denverfamilies.org\/wp-content\/uploads\/2025\/07\/denver-families-our-work.jpg\" \/>\n<meta name=\"twitter:card\" content=\"summary_large_image\" \/>\n<meta name=\"twitter:label1\" content=\"Tiempo de lectura\" \/>\n\t<meta name=\"twitter:data1\" content=\"4 minutos\" \/>\n<script type=\"application\/ld+json\" class=\"yoast-schema-graph\">{\"@context\":\"https:\\\/\\\/schema.org\",\"@graph\":[{\"@type\":\"WebPage\",\"@id\":\"https:\\\/\\\/denverfamilies.org\\\/es\\\/nuestro-trabajo\\\/\",\"url\":\"https:\\\/\\\/denverfamilies.org\\\/es\\\/nuestro-trabajo\\\/\",\"name\":\"Nuestro trabajo - Denver Families for Public Schools\",\"isPartOf\":{\"@id\":\"https:\\\/\\\/denverfamilies.org\\\/es\\\/#website\"},\"primaryImageOfPage\":{\"@id\":\"https:\\\/\\\/denverfamilies.org\\\/es\\\/nuestro-trabajo\\\/#primaryimage\"},\"image\":{\"@id\":\"https:\\\/\\\/denverfamilies.org\\\/es\\\/nuestro-trabajo\\\/#primaryimage\"},\"thumbnailUrl\":\"https:\\\/\\\/denverfamilies.org\\\/wp-content\\\/uploads\\\/2025\\\/07\\\/denver-families-our-work.jpg\",\"datePublished\":\"2025-02-21T11:30:44+00:00\",\"dateModified\":\"2025-10-22T19:56:08+00:00\",\"inLanguage\":\"es\",\"potentialAction\":[{\"@type\":\"ReadAction\",\"target\":[\"https:\\\/\\\/denverfamilies.org\\\/es\\\/nuestro-trabajo\\\/\"]}]},{\"@type\":\"ImageObject\",\"inLanguage\":\"es\",\"@id\":\"https:\\\/\\\/denverfamilies.org\\\/es\\\/nuestro-trabajo\\\/#primaryimage\",\"url\":\"https:\\\/\\\/denverfamilies.org\\\/wp-content\\\/uploads\\\/2025\\\/07\\\/denver-families-our-work.jpg\",\"contentUrl\":\"https:\\\/\\\/denverfamilies.org\\\/wp-content\\\/uploads\\\/2025\\\/07\\\/denver-families-our-work.jpg\"},{\"@type\":\"WebSite\",\"@id\":\"https:\\\/\\\/denverfamilies.org\\\/es\\\/#website\",\"url\":\"https:\\\/\\\/denverfamilies.org\\\/es\\\/\",\"name\":\"Denver Families for Public Schools\",\"description\":\"A strong public education system is the backbone of a strong democracy.\",\"publisher\":{\"@id\":\"https:\\\/\\\/denverfamilies.org\\\/es\\\/#organization\"},\"potentialAction\":[{\"@type\":\"SearchAction\",\"target\":{\"@type\":\"EntryPoint\",\"urlTemplate\":\"https:\\\/\\\/denverfamilies.org\\\/es\\\/?s={search_term_string}\"},\"query-input\":{\"@type\":\"PropertyValueSpecification\",\"valueRequired\":true,\"valueName\":\"search_term_string\"}}],\"inLanguage\":\"es\"},{\"@type\":\"Organization\",\"@id\":\"https:\\\/\\\/denverfamilies.org\\\/es\\\/#organization\",\"name\":\"Denver Families for Public Schools\",\"url\":\"https:\\\/\\\/denverfamilies.org\\\/es\\\/\",\"logo\":{\"@type\":\"ImageObject\",\"inLanguage\":\"es\",\"@id\":\"https:\\\/\\\/denverfamilies.org\\\/es\\\/#\\\/schema\\\/logo\\\/image\\\/\",\"url\":\"https:\\\/\\\/denverfamilies.org\\\/wp-content\\\/uploads\\\/2026\\\/01\\\/denver-families-logo.png\",\"contentUrl\":\"https:\\\/\\\/denverfamilies.org\\\/wp-content\\\/uploads\\\/2026\\\/01\\\/denver-families-logo.png\",\"width\":962,\"height\":240,\"caption\":\"Denver Families for Public Schools\"},\"image\":{\"@id\":\"https:\\\/\\\/denverfamilies.org\\\/es\\\/#\\\/schema\\\/logo\\\/image\\\/\"},\"sameAs\":[\"https:\\\/\\\/www.facebook.com\\\/DenverFamiliesforPublicSchools\",\"https:\\\/\\\/www.instagram.com\\\/denverfamilies\\\/\",\"https:\\\/\\\/www.linkedin.com\\\/company\\\/denverfamilies\"]}]}<\/script>\n<!-- \/ Yoast SEO plugin. -->","yoast_head_json":{"title":"Nuestro trabajo - Denver Families for Public Schools","robots":{"index":"index","follow":"follow","max-snippet":"max-snippet:-1","max-image-preview":"max-image-preview:large","max-video-preview":"max-video-preview:-1"},"canonical":"https:\/\/denverfamilies.org\/es\/nuestro-trabajo\/","og_locale":"es_ES","og_type":"article","og_title":"Nuestro trabajo - Denver Families for Public Schools","og_description":"Nuestro trabajo Desde 2023, hemos llegado a m\u00e1s de 100.000 personas en todos los barrios de Denver M\u00e1s de 1.200 encuestas Recopiladas dentro de las comunidades escolares de DPS sobre sus principales preocupaciones educativas M\u00e1s de 160 participantes En grupos focales con familias, educadores y exalumnos de DPS en toda la ciudad M\u00e1s de 8.500 [&hellip;]","og_url":"https:\/\/denverfamilies.org\/es\/nuestro-trabajo\/","og_site_name":"Denver Families for Public Schools","article_publisher":"https:\/\/www.facebook.com\/DenverFamiliesforPublicSchools","article_modified_time":"2025-10-22T19:56:08+00:00","og_image":[{"url":"https:\/\/denverfamilies.org\/wp-content\/uploads\/2025\/07\/denver-families-our-work.jpg","type":"","width":"","height":""}],"twitter_card":"summary_large_image","twitter_misc":{"Tiempo de lectura":"4 minutos"},"schema":{"@context":"https:\/\/schema.org","@graph":[{"@type":"WebPage","@id":"https:\/\/denverfamilies.org\/es\/nuestro-trabajo\/","url":"https:\/\/denverfamilies.org\/es\/nuestro-trabajo\/","name":"Nuestro trabajo - Denver Families for Public Schools","isPartOf":{"@id":"https:\/\/denverfamilies.org\/es\/#website"},"primaryImageOfPage":{"@id":"https:\/\/denverfamilies.org\/es\/nuestro-trabajo\/#primaryimage"},"image":{"@id":"https:\/\/denverfamilies.org\/es\/nuestro-trabajo\/#primaryimage"},"thumbnailUrl":"https:\/\/denverfamilies.org\/wp-content\/uploads\/2025\/07\/denver-families-our-work.jpg","datePublished":"2025-02-21T11:30:44+00:00","dateModified":"2025-10-22T19:56:08+00:00","inLanguage":"es","potentialAction":[{"@type":"ReadAction","target":["https:\/\/denverfamilies.org\/es\/nuestro-trabajo\/"]}]},{"@type":"ImageObject","inLanguage":"es","@id":"https:\/\/denverfamilies.org\/es\/nuestro-trabajo\/#primaryimage","url":"https:\/\/denverfamilies.org\/wp-content\/uploads\/2025\/07\/denver-families-our-work.jpg","contentUrl":"https:\/\/denverfamilies.org\/wp-content\/uploads\/2025\/07\/denver-families-our-work.jpg"},{"@type":"WebSite","@id":"https:\/\/denverfamilies.org\/es\/#website","url":"https:\/\/denverfamilies.org\/es\/","name":"Denver Families for Public Schools","description":"A strong public education system is the backbone of a strong democracy.","publisher":{"@id":"https:\/\/denverfamilies.org\/es\/#organization"},"potentialAction":[{"@type":"SearchAction","target":{"@type":"EntryPoint","urlTemplate":"https:\/\/denverfamilies.org\/es\/?s={search_term_string}"},"query-input":{"@type":"PropertyValueSpecification","valueRequired":true,"valueName":"search_term_string"}}],"inLanguage":"es"},{"@type":"Organization","@id":"https:\/\/denverfamilies.org\/es\/#organization","name":"Denver Families for Public Schools","url":"https:\/\/denverfamilies.org\/es\/","logo":{"@type":"ImageObject","inLanguage":"es","@id":"https:\/\/denverfamilies.org\/es\/#\/schema\/logo\/image\/","url":"https:\/\/denverfamilies.org\/wp-content\/uploads\/2026\/01\/denver-families-logo.png","contentUrl":"https:\/\/denverfamilies.org\/wp-content\/uploads\/2026\/01\/denver-families-logo.png","width":962,"height":240,"caption":"Denver Families for Public Schools"},"image":{"@id":"https:\/\/denverfamilies.org\/es\/#\/schema\/logo\/image\/"},"sameAs":["https:\/\/www.facebook.com\/DenverFamiliesforPublicSchools","https:\/\/www.instagram.com\/denverfamilies\/","https:\/\/www.linkedin.com\/company\/denverfamilies"]}]}},"_links":{"self":[{"href":"https:\/\/denverfamilies.org\/es\/wp-json\/wp\/v2\/pages\/3550","targetHints":{"allow":["GET"]}}],"collection":[{"href":"https:\/\/denverfamilies.org\/es\/wp-json\/wp\/v2\/pages"}],"about":[{"href":"https:\/\/denverfamilies.org\/es\/wp-json\/wp\/v2\/types\/page"}],"author":[{"embeddable":true,"href":"https:\/\/denverfamilies.org\/es\/wp-json\/wp\/v2\/users\/1"}],"replies":[{"embeddable":true,"href":"https:\/\/denverfamilies.org\/es\/wp-json\/wp\/v2\/comments?post=3550"}],"version-history":[{"count":0,"href":"https:\/\/denverfamilies.org\/es\/wp-json\/wp\/v2\/pages\/3550\/revisions"}],"wp:attachment":[{"href":"https:\/\/denverfamilies.org\/es\/wp-json\/wp\/v2\/media?parent=3550"}],"curies":[{"name":"wp","href":"https:\/\/api.w.org\/{rel}","templated":true}]}}